{"id":513,"date":"2022-06-27T09:54:23","date_gmt":"2022-06-27T07:54:23","guid":{"rendered":"https:\/\/www.prorealestate.es\/home\/"},"modified":"2024-10-18T10:46:24","modified_gmt":"2024-10-18T08:46:24","slug":"inicio","status":"publish","type":"page","link":"https:\/\/www.prorealestate.es\/es\/","title":{"rendered":"Inicio"},"content":{"rendered":"<section class=\"pt-md-4 pt-lg-0\">\n\t<div class=\"row\">\n\t\t<div class=\"col-lg-12\">\n\t\t\t<div class=\"home-carousel\">\n\t\t\n\t\t<a href=\"villa-en-venta-en-guadalmina-baja-san-pedro-de-alcantara-ref-456.html\" class=\"properties-carousel-item d-flex flex-wrap\">\n\t\t\t<div class=\"properties-carousel-image\">\n\t\t\t\t<img decoding=\"async\" src=\"https:\/\/media.inmobalia.com\/imgV1\/B98Le8~d7M9k3DegpEFZhS0lI_F8U4XZVz~HWxt~mGgYekxX9nCAxh0ZipZlAjNxEM6s1ur~IyRusIw0GtmwP9f_NSt9PItxoCoKHiOwuncQJ6kVMwLq~Np2gB0FJzDwK0z3hSa0I98Ppg4Yw74X.jpg\" alt=\"Lujosa Villa de Golf en Segunda L\u00ednea con Spa, Cine y Piscina Privada \u2013 Guadalmina Baja, Costa del Sol\">\n\t\t\t<\/div>\n\t\t\t<div class=\"container properties-carousel-content\">\n\t\t\t\t<div class=\"row\">\n\t\t\t\t\t<div class=\"col-md-8 pb-md-4\">\n\t\t\t\t\t\t<h3 class=\"properties-carousel-title\">Lujosa Villa de Golf en Segunda L\u00ednea con Spa, Cine y Piscina Privada \u2013 Guadalmina Baja, Costa del Sol<\/h3>\n\t\t\t\t\t<\/div>\n\t\t\t\t\t<div class=\"col-md-8 pt-2 pt-md-3 properties-carousel-price\">\n\t\t\t\t\t\t\t\t\t\t\t\t\t12.500.000 \u20ac\n\t\t\t\t\t\t\t\t\t\t\t<\/div>\n\t\t\t\t<\/div>\n\t\t\t<\/div>\n\t\t<\/a>\n\n\t\t<a href=\"villa-en-venta-en-guadalmina-baja-san-pedro-de-alcantara-ref-456.html\" class=\"properties-carousel-item d-flex flex-wrap\">\n\t\t\t<div class=\"properties-carousel-image\">\n\t\t\t\t<img decoding=\"async\" src=\"https:\/\/media.inmobalia.com\/imgV1\/B98Le8~d7M9k3DegpEFZhS0lI_F8U4XZVz~HWxt~mGgYekxX9nCAxh0ZipZlAjNxEM6s1ur~IyRusIw0GtmwP9f_NSt9PIssbnK3tBQ2vz6LdSn4UX6R9pboj~1tSFtoHO2wSxdW9qBXA10~QIYd.jpg\" alt=\"Lujosa Villa de Golf en Segunda L\u00ednea con Spa, Cine y Piscina Privada \u2013 Guadalmina Baja, Costa del Sol\">\n\t\t\t<\/div>\n\t\t\t<div class=\"container properties-carousel-content\">\n\t\t\t\t<div class=\"row\">\n\t\t\t\t\t<div class=\"col-md-8 pb-md-4\">\n\t\t\t\t\t\t<h3 class=\"properties-carousel-title\">Lujosa Villa de Golf en Segunda L\u00ednea con Spa, Cine y Piscina Privada \u2013 Guadalmina Baja, Costa del Sol<\/h3>\n\t\t\t\t\t<\/div>\n\t\t\t\t\t<div class=\"col-md-8 pt-2 pt-md-3 properties-carousel-price\">\n\t\t\t\t\t\t\t\t\t\t\t\t\t12.500.000 \u20ac\n\t\t\t\t\t\t\t\t\t\t\t<\/div>\n\t\t\t\t<\/div>\n\t\t\t<\/div>\n\t\t<\/a>\n\n\t\t<a href=\"villa-en-venta-en-guadalmina-baja-san-pedro-de-alcantara-ref-456.html\" class=\"properties-carousel-item d-flex flex-wrap\">\n\t\t\t<div class=\"properties-carousel-image\">\n\t\t\t\t<img decoding=\"async\" src=\"https:\/\/media.inmobalia.com\/imgV1\/B98Le8~d7M9k3DegpEFZhS0lI_F8U4XZVz~HWxt~mGgYekxX9nCAxh0ZipZlAjNxEM6s1ur~IyRusIw0GtmwP9f_NSt9PIt1VhjqY_r05umSNn90WujXUOUHoZLZxZy4~iTJHy4qzH76oKRG8mEh.jpg\" alt=\"Lujosa Villa de Golf en Segunda L\u00ednea con Spa, Cine y Piscina Privada \u2013 Guadalmina Baja, Costa del Sol\">\n\t\t\t<\/div>\n\t\t\t<div class=\"container properties-carousel-content\">\n\t\t\t\t<div class=\"row\">\n\t\t\t\t\t<div class=\"col-md-8 pb-md-4\">\n\t\t\t\t\t\t<h3 class=\"properties-carousel-title\">Lujosa Villa de Golf en Segunda L\u00ednea con Spa, Cine y Piscina Privada \u2013 Guadalmina Baja, Costa del Sol<\/h3>\n\t\t\t\t\t<\/div>\n\t\t\t\t\t<div class=\"col-md-8 pt-2 pt-md-3 properties-carousel-price\">\n\t\t\t\t\t\t\t\t\t\t\t\t\t12.500.000 \u20ac\n\t\t\t\t\t\t\t\t\t\t\t<\/div>\n\t\t\t\t<\/div>\n\t\t\t<\/div>\n\t\t<\/a>\n\n\t\t<a href=\"villa-en-venta-en-guadalmina-baja-san-pedro-de-alcantara-ref-456.html\" class=\"properties-carousel-item d-flex flex-wrap\">\n\t\t\t<div class=\"properties-carousel-image\">\n\t\t\t\t<img decoding=\"async\" src=\"https:\/\/media.inmobalia.com\/imgV1\/B98Le8~d7M9k3DegpEFZhS0lI_F8U4XZVz~HWxt~mGgYekxX9nCAxh0ZipZlAjNxEM6s1ur~IyRusIw0GtmwP9f_NSt9PIsk4Z8rqfMPe8eJDrEBwv1YiSbGhiQ4zU_n5~OQvRT5CbOfhBp1sOyq.jpg\" alt=\"Lujosa Villa de Golf en Segunda L\u00ednea con Spa, Cine y Piscina Privada \u2013 Guadalmina Baja, Costa del Sol\">\n\t\t\t<\/div>\n\t\t\t<div class=\"container properties-carousel-content\">\n\t\t\t\t<div class=\"row\">\n\t\t\t\t\t<div class=\"col-md-8 pb-md-4\">\n\t\t\t\t\t\t<h3 class=\"properties-carousel-title\">Lujosa Villa de Golf en Segunda L\u00ednea con Spa, Cine y Piscina Privada \u2013 Guadalmina Baja, Costa del Sol<\/h3>\n\t\t\t\t\t<\/div>\n\t\t\t\t\t<div class=\"col-md-8 pt-2 pt-md-3 properties-carousel-price\">\n\t\t\t\t\t\t\t\t\t\t\t\t\t12.500.000 \u20ac\n\t\t\t\t\t\t\t\t\t\t\t<\/div>\n\t\t\t\t<\/div>\n\t\t\t<\/div>\n\t\t<\/a>\n\t\t\t<\/div>\n\t\t\t<div class=\"container position-relative\">\n\t\t\t\t<button class=\"slick-home-prev slick-arrow\" aria-label=\"Previous\" type=\"button\" style=\"\" aria-disabled=\"false\">Previous<\/button>\n\t\t\t\t<button class=\"slick-home-next slick-arrow\" aria-label=\"Next\" type=\"button\" style=\"\" aria-disabled=\"true\">Next<\/button>\n\t\t\t<\/div>\n\t\t<\/div>\n\t<\/div>\n<\/section>\n\n\n<div class=\"container-fluid form-properties-home bg-gradient-one position-relative p-0 pt-1 pt-md-3 pb-4 pb-md-2\">\n\t<div class=\"container\">\n\t\t<div class=\"row align-items-end mt-5 mt-md-0\">\n\t\t\t<div class=\"col-12\">\n\t\t\t\t<form action=\"search.php\" method=\"GET\" id=\"prop_searchform\" class=\"row g-2 gx-lg-4 gy-lg-3\">\n\t<div class=\"col-lg-3 ajaxsearch\">\n\t\t<input type=\"text\" id=\"ajaxsearch\" class=\"form-control\" placeholder=\"LOCALIDAD \/ REF\" name=\"search\" value=\"\">\n\t<\/div>\n\t<div class=\"col-lg-2 inputRentSale\">\n\t\t<select id=\"inputRentSale\" class=\"selectpicker form-control\" data-width=\"auto\" title=\"Venta \/ Alquiler\" name=\"rentsale\">\n\t\t\t<option  selected=\"selected\"  value=\"sale\">Ventas<\/option>\n\t\t\t<option  value=\"rent\">Alquileres<\/option>\n\t\t<\/select>\n\t<\/div>\n\t<div class=\"col-lg-2 inputType\">\n\t\t<select id=\"inputType\" class=\"selectpicker form-control\" multiple data-width=\"auto\" title=\"TIPO\" name=\"c_type_arr[]\">\n\t\t\t\t\t\t\t<option  value=\"2\">Villas<\/option>\n\t\t\t\t\t\t\t<option  value=\"6\">Adosadas<\/option>\n\t\t\t\t\t\t\t<option  value=\"1\">Apartamentos<\/option>\n\t\t\t\t\t\t\t<option  value=\"4\">\u00c1ticos<\/option>\n\t\t\t\t\t\t\t<option  value=\"3\">Parcelas<\/option>\n\t\t\t\t\t<\/select>\n\t<\/div>\n\t<div class=\"col-lg-2 inputPrice\">\n\t\t<select id=\"inputPrice\" class=\"selectpicker form-control for_sales\" data-width=\"auto\" title=\"PRECIO DESDE\" name=\"price_from\">\n\t\t\t<option value=\"0\">CUALQUIERA<\/option>\n\t\t\t\t\t\t\t<option value=\"250000\">DESDE 250.000 \u20ac<\/option>\n\t\t\t\t\t\t\t<option value=\"280000\">DESDE 280.000 \u20ac<\/option>\n\t\t\t\t\t\t\t<option value=\"300000\">DESDE 300.000 \u20ac<\/option>\n\t\t\t\t\t\t\t<option value=\"350000\">DESDE 350.000 \u20ac<\/option>\n\t\t\t\t\t\t\t<option value=\"400000\">DESDE 400.000 \u20ac<\/option>\n\t\t\t\t\t\t\t<option value=\"450000\">DESDE 450.000 \u20ac<\/option>\n\t\t\t\t\t\t\t<option value=\"500000\">DESDE 500.000 \u20ac<\/option>\n\t\t\t\t\t\t\t<option value=\"600000\">DESDE 600.000 \u20ac<\/option>\n\t\t\t\t\t\t\t<option value=\"700000\">DESDE 700.000 \u20ac<\/option>\n\t\t\t\t\t\t\t<option value=\"800000\">DESDE 800.000 \u20ac<\/option>\n\t\t\t\t\t\t\t<option value=\"900000\">DESDE 900.000 \u20ac<\/option>\n\t\t\t\t\t\t\t<option value=\"1000000\">DESDE 1.000.000 \u20ac<\/option>\n\t\t\t\t\t\t\t<option value=\"1500000\">DESDE 1.500.000 \u20ac<\/option>\n\t\t\t\t\t\t\t<option value=\"2000000\">DESDE 2.000.000 \u20ac<\/option>\n\t\t\t\t\t\t\t<option value=\"3000000\">DESDE 3.000.000 \u20ac<\/option>\n\t\t\t\t\t\t\t<option value=\"4000000\">DESDE 4.000.000 \u20ac<\/option>\n\t\t\t\t\t\t\t<option value=\"5000000\">DESDE 5.000.000 \u20ac<\/option>\n\t\t\t\t\t\t\t<option value=\"10000000\">DESDE 10.000.000 \u20ac<\/option>\n\t\t\t\t\t<\/select>\n\t\t<select id=\"inputPriceRent\" class=\"selectpicker form-control for_rentals\" data-width=\"auto\" title=\"PRECIO DESDE\" name=\"price_from\">\n\t\t\t<option value=\"0\">CUALQUIERA<\/option>\n\t\t\t\t\t\t\t<option value=\"500\">DESDE 500 \u20ac<\/option>\n\t\t\t\t\t\t\t<option value=\"600\">DESDE 600 \u20ac<\/option>\n\t\t\t\t\t\t\t<option value=\"700\">DESDE 700 \u20ac<\/option>\n\t\t\t\t\t\t\t<option value=\"800\">DESDE 800 \u20ac<\/option>\n\t\t\t\t\t\t\t<option value=\"900\">DESDE 900 \u20ac<\/option>\n\t\t\t\t\t\t\t<option value=\"1000\">DESDE 1.000 \u20ac<\/option>\n\t\t\t\t\t\t\t<option value=\"1500\">DESDE 1.500 \u20ac<\/option>\n\t\t\t\t\t\t\t<option value=\"2000\">DESDE 2.000 \u20ac<\/option>\n\t\t\t\t\t\t\t<option value=\"2500\">DESDE 2.500 \u20ac<\/option>\n\t\t\t\t\t<\/select>\n\t<\/div>\n\t\t<div class=\"col-lg-3 pt-2 pt-lg-0 searchbutton\">\n\t\t<button type=\"submit\" class=\"btn btn-primary\">Buscar propiedad<\/button>\n\t\t\t<\/div>\n\t<div class=\"col-lg-2 inputPriceTo\">\n\t\t<select id=\"inputPriceTo\" class=\"selectpicker form-control for_sales\" data-width=\"auto\" title=\"PRECIO HASTA\" name=\"price_to\">\n\t\t\t<option value=\"0\">CUALQUIERA<\/option>\n\t\t\t\t\t\t\t<option value=\"250000\">HASTA 250.000 \u20ac<\/option>\n\t\t\t\t\t\t\t<option value=\"280000\">HASTA 280.000 \u20ac<\/option>\n\t\t\t\t\t\t\t<option value=\"300000\">HASTA 300.000 \u20ac<\/option>\n\t\t\t\t\t\t\t<option value=\"350000\">HASTA 350.000 \u20ac<\/option>\n\t\t\t\t\t\t\t<option value=\"400000\">HASTA 400.000 \u20ac<\/option>\n\t\t\t\t\t\t\t<option value=\"450000\">HASTA 450.000 \u20ac<\/option>\n\t\t\t\t\t\t\t<option value=\"500000\">HASTA 500.000 \u20ac<\/option>\n\t\t\t\t\t\t\t<option value=\"600000\">HASTA 600.000 \u20ac<\/option>\n\t\t\t\t\t\t\t<option value=\"700000\">HASTA 700.000 \u20ac<\/option>\n\t\t\t\t\t\t\t<option value=\"800000\">HASTA 800.000 \u20ac<\/option>\n\t\t\t\t\t\t\t<option value=\"900000\">HASTA 900.000 \u20ac<\/option>\n\t\t\t\t\t\t\t<option value=\"1000000\">HASTA 1.000.000 \u20ac<\/option>\n\t\t\t\t\t\t\t<option value=\"1500000\">HASTA 1.500.000 \u20ac<\/option>\n\t\t\t\t\t\t\t<option value=\"2000000\">HASTA 2.000.000 \u20ac<\/option>\n\t\t\t\t\t\t\t<option value=\"3000000\">HASTA 3.000.000 \u20ac<\/option>\n\t\t\t\t\t\t\t<option value=\"4000000\">HASTA 4.000.000 \u20ac<\/option>\n\t\t\t\t\t\t\t<option value=\"5000000\">HASTA 5.000.000 \u20ac<\/option>\n\t\t\t\t\t\t\t<option value=\"10000000\">HASTA 10.000.000 \u20ac<\/option>\n\t\t\t\t\t<\/select>\n\t\t<select id=\"inputPriceToRent\" class=\"selectpicker form-control for_rentals\" data-width=\"auto\" title=\"PRECIO HASTA\" name=\"price_to\">\n\t\t\t<option value=\"0\">CUALQUIERA<\/option>\n\t\t\t\t\t\t\t<option value=\"500\">HASTA 500 \u20ac<\/option>\n\t\t\t\t\t\t\t<option value=\"600\">HASTA 600 \u20ac<\/option>\n\t\t\t\t\t\t\t<option value=\"700\">HASTA 700 \u20ac<\/option>\n\t\t\t\t\t\t\t<option value=\"800\">HASTA 800 \u20ac<\/option>\n\t\t\t\t\t\t\t<option value=\"900\">HASTA 900 \u20ac<\/option>\n\t\t\t\t\t\t\t<option value=\"1000\">HASTA 1.000 \u20ac<\/option>\n\t\t\t\t\t\t\t<option value=\"1500\">HASTA 1.500 \u20ac<\/option>\n\t\t\t\t\t\t\t<option value=\"2000\">HASTA 2.000 \u20ac<\/option>\n\t\t\t\t\t\t\t<option value=\"2500\">HASTA 2.500 \u20ac<\/option>\n\t\t\t\t\t<\/select>\n\t<\/div>\n\t<div class=\"col-lg-2 inputBedrooms advsearchfield_off\">\n\t\t<select id=\"inputBedrooms\" class=\"selectpicker form-control\" data-width=\"auto\" title=\"DORMITORIOS\" name=\"beds\">\n\t\t\t<option value=\"0\">CUALQUIERA<\/option>\n\t\t\t<option value=\"1\">+1 Dormitorios<\/option>\n\t\t\t<option value=\"2\">+2 Dormitorios<\/option>\n\t\t\t<option value=\"3\">+3 Dormitorios<\/option>\n\t\t\t<option value=\"4\">+4 Dormitorios<\/option>\n\t\t\t<option value=\"5\">+5 Dormitorios<\/option>\n\t\t\t<option value=\"6\">+6 Dormitorios<\/option>\n\t\t\t<option value=\"7\">+7 Dormitorios<\/option>\n\t\t<\/select>\n\t<\/div>\n\t<div class=\"col-lg-2 inputBathrooms advsearchfield_off\">\n\t\t<select id=\"inputBathrooms\" class=\"selectpicker form-control\" data-width=\"auto\" title=\"BA\u00f1OS\" name=\"baths\">\n\t\t\t<option value=\"0\">CUALQUIERA<\/option>\n\t\t\t<option value=\"1\">+1 Ba\u00f1os<\/option>\n\t\t\t<option value=\"2\">+2 Ba\u00f1os<\/option>\n\t\t\t<option value=\"3\">+3 Ba\u00f1os<\/option>\n\t\t\t<option value=\"4\">+4 Ba\u00f1os<\/option>\n\t\t\t<option value=\"5\">+5 Ba\u00f1os<\/option>\n\t\t\t<option value=\"6\">+6 Ba\u00f1os<\/option>\n\t\t\t<option value=\"7\">+7 Ba\u00f1os<\/option>\n\t\t<\/select>\n\t<\/div>\n\t<div class=\"col-lg-2 inputPlot advsearchfield_off\">\n\t\t<select id=\"inputPlot\" class=\"selectpicker form-control\" data-width=\"auto\" title=\"PARCELA\" name=\"plot\">\n\t\t\t<option value=\"0\">CUALQUIERA<\/option>\n\t\t\t\t\t\t\t<option value=\"100\">M\u00e1s de 100 m\u00b2<\/option>\n\t\t\t\t\t\t\t<option value=\"250\">M\u00e1s de 250 m\u00b2<\/option>\n\t\t\t\t\t\t\t<option value=\"500\">M\u00e1s de 500 m\u00b2<\/option>\n\t\t\t\t\t\t\t<option value=\"1000\">M\u00e1s de 1.000 m\u00b2<\/option>\n\t\t\t\t\t\t\t<option value=\"1500\">M\u00e1s de 1.500 m\u00b2<\/option>\n\t\t\t\t\t\t\t<option value=\"2000\">M\u00e1s de 2.000 m\u00b2<\/option>\n\t\t\t\t\t\t\t<option value=\"2500\">M\u00e1s de 2.500 m\u00b2<\/option>\n\t\t\t\t\t\t\t<option value=\"3000\">M\u00e1s de 3.000 m\u00b2<\/option>\n\t\t\t\t\t\t\t<option value=\"3500\">M\u00e1s de 3.500 m\u00b2<\/option>\n\t\t\t\t\t\t\t<option value=\"4000\">M\u00e1s de 4.000 m\u00b2<\/option>\n\t\t\t\t\t\t\t<option value=\"4500\">M\u00e1s de 4.500 m\u00b2<\/option>\n\t\t\t\t\t\t\t<option value=\"5000\">M\u00e1s de 5.000 m\u00b2<\/option>\n\t\t\t\t\t\t\t<option value=\"6000\">M\u00e1s de 6.000 m\u00b2<\/option>\n\t\t\t\t\t\t\t<option value=\"7000\">M\u00e1s de 7.000 m\u00b2<\/option>\n\t\t\t\t\t<\/select>\n\t<\/div>\n\t\t<div class=\"col-lg-4 inputFeatures advsearchfield_off\">\n\t\t<select id=\"inputFeatures\" class=\"selectpicker form-control\" multiple data-width=\"auto\" title=\"SELECCIONE CARACTER\u00cdSTICA\" name=\"c_feat_arr[]\">\n\t\t\t<option  value=\"beach\">Primera L\u00ednea Playa<\/option>\n\t\t\t<option  value=\"seav\">Vistas al mar<\/option>\n\t\t\t<option  value=\"bnew\">Obra Nueva<\/option>\n\t\t\t<option  value=\"golf\">Cerca de Golf<\/option>\n\t\t\t<option  value=\"modern\">Dise\u00f1o contempor\u00e1neo<\/option>\n\t\t\t<option  value=\"excl\">Propiedades Exclusivas<\/option>\n\t\t<\/select>\n\t<\/div>\n<\/form>\t\t\t<\/div>\n\t\t<\/div>\n\t<\/div>\n<\/div>\n\n\n\n<section class=\"wp-block-uagb-section uagb-section__wrap uagb-section__background-image uagb-block-be20455b\"><div class=\"uagb-section__overlay\"><\/div><div class=\"uagb-section__inner-wrap\">\n<section class=\"wp-block-uagb-columns uagb-columns__wrap uagb-columns__background-none uagb-columns__stack-tablet uagb-columns__valign- uagb-columns__gap-0 align uagb-block-6bd8c670 uagb-columns__columns-2 uagb-columns__max_width-theme text-center text-md-start\"><div class=\"uagb-columns__overlay\"><\/div><div class=\"uagb-columns__inner-wrap uagb-columns__columns-2\">\n<div class=\"wp-block-uagb-column uagb-column__wrap uagb-column__background-undefined uagb-block-c359031e\"><div class=\"uagb-column__overlay\"><\/div>\n<h1 class=\"wp-block-heading\">S\u00f3lo las mejores propiedades de Marbella<\/h1>\n\n\n\n<div style=\"height:16px\" aria-hidden=\"true\" class=\"wp-block-spacer\"><\/div>\n\n\n\n<h2 class=\"wp-block-heading\">siempre bajo el asesoramiento de expertos<\/h2>\n\n\n\n<div class=\"wp-block-group uag-hide-tab uag-hide-mob is-nowrap is-layout-flex wp-container-core-group-is-layout-8ece43c6 wp-block-group-is-layout-flex\" style=\"padding-top:30px\">\n<p><img loading=\"lazy\" decoding=\"async\" width=\"17\" height=\"17\" class=\"wp-image-338\" style=\"width: 17px;\" src=\"https:\/\/www.prorealestate.es\/wp-content\/uploads\/2022\/06\/icon-arrow-round.png\" alt=\"\"> M\u00e1s en <a href=\"https:\/\/www.prorealestate.es\/es\/sobre-pro-real-estate\/conozca-la-empresa\/\" title=\"Conozca la empresa\">Sobre nosotros<\/a><\/p>\n<\/div>\n\n\n\n<div style=\"height:24px\" aria-hidden=\"true\" class=\"wp-block-spacer\"><\/div>\n<\/div>\n\n\n\n<div class=\"wp-block-uagb-column uagb-column__wrap uagb-column__background-undefined uagb-block-ed8b4d9c\"><div class=\"uagb-column__overlay\"><\/div>\n<p><strong>PRO Real Estate<\/strong>&nbsp;es una de las inmobiliarias m\u00e1s consolidadas que encontrar\u00e1 en la zona de&nbsp;<strong>Marbella.<\/strong>&nbsp;Nuestro servicio, motivado por buenos resultados,&nbsp; est\u00e1 basado en muchos a\u00f1os de experiencia y en un conocimiento del mercado inigualable, puesto que&nbsp;<strong>llevamos desde 1985<\/strong>&nbsp;buscando y encontrando la propiedad adecuada para compradores e inversores.<\/p>\n\n\n\n<p><strong>PRO<\/strong>&nbsp;ha construido su reputaci\u00f3n y a\u00f1os de solidez sobre su experiencia y saber hacer. El hecho de que muchas agencias inmobiliarias acudan a nosotros cuando buscan propiedades en&nbsp;<strong>Marbella<\/strong>&nbsp;en nombre de sus clientes es una clara indicaci\u00f3n de que nuestro conocimiento del mercado inmobiliario de la zona, as\u00ed como de las viviendas y zonas residenciales, no tiene parang\u00f3n. Como resultado de ello, nuestras tasaciones son muy exactas y est\u00e1n ciertamente acreditadas.<\/p>\n\n\n\n<p>Confiando en Pro Real Estate, encontrar\u00e1&nbsp;intermediarios profesionales que han dedicado d\u00e9cadas a conocer a fondo&nbsp;<strong>Marbella<\/strong>, su mercado inmobiliario, zonas y viviendas. Somos asesores personales y ofrecemos una relaci\u00f3n directa a nuestros clientes. <\/p>\n\n\n\n<p>P<em>\u00f3<\/em>nganos a prueba y ver\u00e1 por qu\u00e9, durante a\u00f1os, inversores&nbsp;compradores e intermediarios nos&nbsp;han recomendando a sus amigos y compa\u00f1eros.<\/p>\n\n\n\n<div class=\"wp-block-group justify-content-center justify-content-md-start uag-hide-desktop is-nowrap is-layout-flex wp-container-core-group-is-layout-524560f2 wp-block-group-is-layout-flex\" style=\"padding-top:10px\">\n<p><img loading=\"lazy\" decoding=\"async\" width=\"17\" height=\"17\" class=\"wp-image-338\" style=\"width: 17px;\" src=\"https:\/\/www.prorealestate.es\/wp-content\/uploads\/2022\/06\/icon-arrow-round.png\" alt=\"\"> M\u00e1s en <a href=\"https:\/\/www.prorealestate.es\/es\/sobre-pro-real-estate\/conozca-la-empresa\/\" title=\"Conozca la empresa\">Sobre nosotros<\/a><\/p>\n<\/div>\n<\/div>\n<\/div><\/section>\n\n\n\n<section class=\"wp-block-uagb-columns uagb-columns__wrap uagb-columns__background-none uagb-columns__stack-mobile uagb-columns__valign- uagb-columns__gap-0 align uagb-block-d35815e1 uagb-columns__columns-2 uagb-columns__max_width-theme text-center text-md-start\"><div class=\"uagb-columns__overlay\"><\/div><div class=\"uagb-columns__inner-wrap uagb-columns__columns-2\">\n<div class=\"wp-block-uagb-column uagb-column__wrap uagb-column__background-undefined uagb-block-5922d5e7\"><div class=\"uagb-column__overlay\"><\/div>\n<p class=\"mb-0 mb-lg-3\" style=\"font-size:16px;text-transform:uppercase\">LA SELECCI\u00d3N DE NUESTROS EXPERTOS<\/p>\n\n\n\n<h3 class=\"wp-block-heading mb-0\">Propiedades Destacadas<\/h3>\n<\/div>\n\n\n\n<div class=\"wp-block-uagb-column uagb-column__wrap uagb-column__background-undefined uagb-block-2a625823\"><div class=\"uagb-column__overlay\"><\/div><\/div>\n<\/div><\/section>\n\n\n\n<section class=\"wp-block-uagb-columns uagb-columns__wrap uagb-columns__background-none uagb-columns__stack-mobile uagb-columns__valign- uagb-columns__gap-0 align uagb-block-2ea99b5e uagb-columns__columns-1 uagb-columns__max_width-theme\"><div class=\"uagb-columns__overlay\"><\/div><div class=\"uagb-columns__inner-wrap uagb-columns__columns-1\">\n<div class=\"wp-block-uagb-column uagb-column__wrap uagb-column__background-undefined uagb-block-8d6accb7\"><div class=\"uagb-column__overlay\"><\/div><div class=\"featured-properties pt-md-4 pt-lg-0\">\n\t<div class=\"row\">\n\t\t<div class=\"col-12\">\n\t\t\t<div class=\"row featured-properties-carousel text-center text-md-start\">\n\t\n\t\n\n\t\t<div class=\"col-lg-6 properties-carousel-item d-flex flex-wrap\">\n\t\t\t<div class=\"property-item d-flex flex-wrap\">\n\t\t\t\t<!-- Galeria interior -->\n\t\t\t\t<div class=\"property-item-gallery align-self-start w-100\">\n\t\t\t\t\t<div id=\"propertiesCarousel0\" class=\"carousel slide\" data-bs-touch=\"false\" data-bs-interval=\"false\">\n\t\t\t\t\t\t<div class=\"carousel-inner\">\n\t\t\t\t\t\t\t<div class=\"carousel-item active\">\n\t\t\t\t\t\t\t\t<a href=\"apartamento-en-venta-en-guadalmina-baja-san-pedro-de-alcantara-ref-2203.html\" title=\"Apartamento en planta baja con jard\u00edn privado en primera linea de golf de Guadalmina baja - Hoyo 15\">\n\t\t\t\t\t\t\t\t\t<img decoding=\"async\" src=\"https:\/\/media.inmobalia.com\/imgV1\/B98Le8~d7M9k3DegpEFZhS0lI_F8U4XZVz~HWxt~mGgYekxX9nCAxh0ZipZlAjNxEM6s1ur~IyRusIw0GtmwP7UPRs_lWggbyShDEsIb60v5lakRy7jWRX1qLikxDVtu8zukNuyYriTaplxf3qw45g--.jpg\" class=\"d-block w-100\" alt=\"Apartamento en planta baja con jard\u00edn privado en primera linea de golf de Guadalmina baja - Hoyo 15\">\n\t\t\t\t\t\t\t\t<\/a>\n\t\t\t\t\t\t\t<\/div>\n\t\t\t\t\t\t\t\t\t\t\t\t\t\t<div class=\"carousel-item\">\n\t\t\t\t\t\t\t\t<a href=\"apartamento-en-venta-en-guadalmina-baja-san-pedro-de-alcantara-ref-2203.html\" title=\"Apartamento en planta baja con jard\u00edn privado en primera linea de golf de Guadalmina baja - Hoyo 15\">\n\t\t\t\t\t\t\t\t\t<img decoding=\"async\" src=\"https:\/\/media.inmobalia.com\/imgV1\/B98Le8~d7M9k3DegpEFZhS0lI_F8U4XZVz~HWxt~mGgYekxX9nCAxh0ZipZlAjNxEM6s1ur~IyRusIw0GtmwP7UPRs_lWggbm3p1Nk6Mq37U2dwIjNryl2mihxNQoyGVPhPwoue25XhnW5bVJV0rQg--.jpg\" class=\"d-block w-100\" alt=\"Apartamento en planta baja con jard\u00edn privado en primera linea de golf de Guadalmina baja - Hoyo 15\">\n\t\t\t\t\t\t\t\t<\/a>\n\t\t\t\t\t\t\t<\/div>\n\t\t\t\t\t\t\t\t\t\t\t\t\t\t\t\t\t\t\t\t\t<div class=\"carousel-item\">\n\t\t\t\t\t\t\t\t<a href=\"apartamento-en-venta-en-guadalmina-baja-san-pedro-de-alcantara-ref-2203.html\" title=\"Apartamento en planta baja con jard\u00edn privado en primera linea de golf de Guadalmina baja - Hoyo 15\">\n\t\t\t\t\t\t\t\t\t<img decoding=\"async\" src=\"https:\/\/media.inmobalia.com\/imgV1\/B98Le8~d7M9k3DegpEFZhS0lI_F8U4XZVz~HWxt~mGgYekxX9nCAxh0ZipZlAjNxEM6s1ur~IyRusIw0GtmwP7UPRs_lWggbxtgi1WqwEvZ3E6Mi29q3E6dpepf7enckB2vORJ7cH1yaFcYtOLwkTw--.jpg\" class=\"d-block w-100\" alt=\"Apartamento en planta baja con jard\u00edn privado en primera linea de golf de Guadalmina baja - Hoyo 15\">\n\t\t\t\t\t\t\t\t<\/a>\n\t\t\t\t\t\t\t<\/div>\n\t\t\t\t\t\t\t\t\t\t\t\t\t<\/div>\n\t\t\t\t\t\t<button class=\"carousel-control-prev\" type=\"button\" data-bs-target=\"#propertiesCarousel0\" data-bs-slide=\"prev\">\n\t\t\t\t\t\t\t<span class=\"visually-hidden\">Anterior<\/span>\n\t\t\t\t\t\t<\/button>\n\t\t\t\t\t\t<button class=\"carousel-control-next\" type=\"button\" data-bs-target=\"#propertiesCarousel0\" data-bs-slide=\"next\">\n\t\t\t\t\t\t\t<span class=\"visually-hidden\">Siguiente<\/span>\n\t\t\t\t\t\t<\/button>\n\t\t\t\t\t<\/div>\n\t\t\t\t\t<div class=\"properties-carousel-item-inner p-4 pb-3 pt-3\">\n\t\t\t\t\t\t<h3 class=\"properties-carousel-title\">Apartamento en planta baja con jard\u00edn privado en primera linea de golf de Guadalmina baja - Hoyo 15<\/h3>\n\t\t\t\t\t<\/div>\n\t\t\t\t<\/div>\n\t\t\t\t<div class=\"properties-carousel-item-inner p-4 pt-0  align-self-end\">\n\t\t\t\t\t<div class=\"row align-items-end\">\n\t\t\t\t\t\t<div class=\"col-12 properties-carousel-feature pb-4\">\n\t\t\t\t\t\t\t<strong>2<\/strong> Dorm.  |  \n\t\t\t\t\t\t\t<strong>2<\/strong> Ba\u00f1os  |  \n\t\t\t\t\t\t\t<strong>148 m<sup>2<\/sup><\/strong> Construido  |  \n\t\t\t\t\t\t\t<strong>34 m<sup>2<\/sup><\/strong> Terraza\n\t\t\t\t\t\t\t  |  <strong>35 m<sup>2<\/sup><\/strong> Parcela\t\t\t\t\t\t<\/div>\n\t\t\t\t\t\t<div class=\"col-lg-auto me-auto properties-carousel-price align-self-center pb-4 pb-lg-0\">\n\t\t\t\t\t\t\tRef: 2203  |  \n\t\t\t\t\t\t\t<strong>\n\t\t\t\t\t\t\t\t\t\t\t\t\t\t\t\t\t\t\t\t\t\t\t\t\t\t529.000 \u20ac\n\t\t\t\t\t\t\t\t\t\t\t\t\t\t\t<\/strong>\n\t\t\t\t\t\t<\/div>\n\t\t\t\t\t\t<div class=\"col-auto property-item-favourite align-self-center pe-1 ms-auto ms-md-0 pt-3\">\n\t\t\t\t\t\t\t<div>\n\t\t\t\t\t\t\t\t\t\t\t\t\t\t\t\t\t<input type=\"checkbox\" id=\"property_2203\" value=\"2203\">\n\t\t\t\t\t\t\t\t\t<label for=\"property_2203\" id=\"property_2203\" data-action=\"add\" class=\"portfoliobutton\"><\/label>\n\t\t\t\t\t\t\t\t\t\t\t\t\t\t\t<\/div>\n\t\t\t\t\t\t<\/div>\n\t\t\t\t\t\t<div class=\"col-auto property-item-button ps-1 me-auto me-md-0 pt-3\">\n\t\t\t\t\t\t\t<a class=\"btn btn-listing\" href=\"apartamento-en-venta-en-guadalmina-baja-san-pedro-de-alcantara-ref-2203.html\">Descubra<\/a>\n\t\t\t\t\t\t<\/div>\n\t\t\t\t\t<\/div>\n\t\t\t\t<\/div>\n\t\t\t<\/div>\n\t\t<\/div>\n\n\t\n\t\n\n\t\t<div class=\"col-lg-6 properties-carousel-item d-flex flex-wrap\">\n\t\t\t<div class=\"property-item d-flex flex-wrap\">\n\t\t\t\t<!-- Galeria interior -->\n\t\t\t\t<div class=\"property-item-gallery align-self-start w-100\">\n\t\t\t\t\t<div id=\"propertiesCarousel1\" class=\"carousel slide\" data-bs-touch=\"false\" data-bs-interval=\"false\">\n\t\t\t\t\t\t<div class=\"carousel-inner\">\n\t\t\t\t\t\t\t<div class=\"carousel-item active\">\n\t\t\t\t\t\t\t\t<a href=\"villa-en-venta-en-paraiso-alto-benahavis-ref-480.html\" title=\"Villa de estilo contempor\u00e1neo con vistas panor\u00e1micas al mar, golf, Gibraltar y monta\u00f1a  en El Paraiso Alto, Benahav\u00eds\">\n\t\t\t\t\t\t\t\t\t<img decoding=\"async\" src=\"https:\/\/media.inmobalia.com\/imgV1\/B98Le8~d7M9k3DegpEFZhS0lI_F8U4XZVz~HWxt~mGgYekxX9nCAxh0ZipZlAjNxEM6s1ur~IyRusIw0GtmwP9f_NS911rFJzjnNF4lxjZo1BuEbyn5ooAL4mIaVwxWHwoCgkfX0kELS4aFbjgaJ.jpg\" class=\"d-block w-100\" alt=\"Villa de estilo contempor\u00e1neo con vistas panor\u00e1micas al mar, golf, Gibraltar y monta\u00f1a  en El Paraiso Alto, Benahav\u00eds\">\n\t\t\t\t\t\t\t\t<\/a>\n\t\t\t\t\t\t\t<\/div>\n\t\t\t\t\t\t\t\t\t\t\t\t\t\t<div class=\"carousel-item\">\n\t\t\t\t\t\t\t\t<a href=\"villa-en-venta-en-paraiso-alto-benahavis-ref-480.html\" title=\"Villa de estilo contempor\u00e1neo con vistas panor\u00e1micas al mar, golf, Gibraltar y monta\u00f1a  en El Paraiso Alto, Benahav\u00eds\">\n\t\t\t\t\t\t\t\t\t<img decoding=\"async\" src=\"https:\/\/media.inmobalia.com\/imgV1\/B98Le8~d7M9k3DegpEFZhS0lI_F8U4XZVz~HWxt~mGgYekxX9nCAxh0ZipZlAjNxEM6s1ur~IyRusIw0GtmwP9f_NS911rFLvvkjSsYX99negYGUiYC1WMoP42bkHnETO4Ir1upm0EqqdZGeiMZN.jpg\" class=\"d-block w-100\" alt=\"Villa de estilo contempor\u00e1neo con vistas panor\u00e1micas al mar, golf, Gibraltar y monta\u00f1a  en El Paraiso Alto, Benahav\u00eds\">\n\t\t\t\t\t\t\t\t<\/a>\n\t\t\t\t\t\t\t<\/div>\n\t\t\t\t\t\t\t\t\t\t\t\t\t\t\t\t\t\t\t\t\t<div class=\"carousel-item\">\n\t\t\t\t\t\t\t\t<a href=\"villa-en-venta-en-paraiso-alto-benahavis-ref-480.html\" title=\"Villa de estilo contempor\u00e1neo con vistas panor\u00e1micas al mar, golf, Gibraltar y monta\u00f1a  en El Paraiso Alto, Benahav\u00eds\">\n\t\t\t\t\t\t\t\t\t<img decoding=\"async\" src=\"https:\/\/media.inmobalia.com\/imgV1\/B98Le8~d7M9k3DegpEFZhS0lI_F8U4XZVz~HWxt~mGgYekxX9nCAxh0ZipZlAjNxEM6s1ur~IyRusIw0GtmwP9f_NS911rFPtflmcgskK4pNyF5agyCDFfKkfa5Gk7FIewPJEOdvlGIoy__2EeBJ.jpg\" class=\"d-block w-100\" alt=\"Villa de estilo contempor\u00e1neo con vistas panor\u00e1micas al mar, golf, Gibraltar y monta\u00f1a  en El Paraiso Alto, Benahav\u00eds\">\n\t\t\t\t\t\t\t\t<\/a>\n\t\t\t\t\t\t\t<\/div>\n\t\t\t\t\t\t\t\t\t\t\t\t\t<\/div>\n\t\t\t\t\t\t<button class=\"carousel-control-prev\" type=\"button\" data-bs-target=\"#propertiesCarousel1\" data-bs-slide=\"prev\">\n\t\t\t\t\t\t\t<span class=\"visually-hidden\">Anterior<\/span>\n\t\t\t\t\t\t<\/button>\n\t\t\t\t\t\t<button class=\"carousel-control-next\" type=\"button\" data-bs-target=\"#propertiesCarousel1\" data-bs-slide=\"next\">\n\t\t\t\t\t\t\t<span class=\"visually-hidden\">Siguiente<\/span>\n\t\t\t\t\t\t<\/button>\n\t\t\t\t\t<\/div>\n\t\t\t\t\t<div class=\"properties-carousel-item-inner p-4 pb-3 pt-3\">\n\t\t\t\t\t\t<h3 class=\"properties-carousel-title\">Villa de estilo contempor\u00e1neo con vistas panor\u00e1micas al mar, golf, Gibraltar y monta\u00f1a  en El Paraiso Alto, Benahav\u00eds<\/h3>\n\t\t\t\t\t<\/div>\n\t\t\t\t<\/div>\n\t\t\t\t<div class=\"properties-carousel-item-inner p-4 pt-0  align-self-end\">\n\t\t\t\t\t<div class=\"row align-items-end\">\n\t\t\t\t\t\t<div class=\"col-12 properties-carousel-feature pb-4\">\n\t\t\t\t\t\t\t<strong>6<\/strong> Dorm.  |  \n\t\t\t\t\t\t\t<strong>6<\/strong> Ba\u00f1os  |  \n\t\t\t\t\t\t\t<strong>794 m<sup>2<\/sup><\/strong> Construido  |  \n\t\t\t\t\t\t\t<strong>365 m<sup>2<\/sup><\/strong> Terraza\n\t\t\t\t\t\t\t  |  <strong>1.500 m<sup>2<\/sup><\/strong> Parcela\t\t\t\t\t\t<\/div>\n\t\t\t\t\t\t<div class=\"col-lg-auto me-auto properties-carousel-price align-self-center pb-4 pb-lg-0\">\n\t\t\t\t\t\t\tRef: 480  |  \n\t\t\t\t\t\t\t<strong>\n\t\t\t\t\t\t\t\t\t\t\t\t\t\t\t\t\t\t\t\t\t\t\t\t\t\t4.980.000 \u20ac\n\t\t\t\t\t\t\t\t\t\t\t\t\t\t\t<\/strong>\n\t\t\t\t\t\t<\/div>\n\t\t\t\t\t\t<div class=\"col-auto property-item-favourite align-self-center pe-1 ms-auto ms-md-0 pt-3\">\n\t\t\t\t\t\t\t<div>\n\t\t\t\t\t\t\t\t\t\t\t\t\t\t\t\t\t<input type=\"checkbox\" id=\"property_480\" value=\"480\">\n\t\t\t\t\t\t\t\t\t<label for=\"property_480\" id=\"property_480\" data-action=\"add\" class=\"portfoliobutton\"><\/label>\n\t\t\t\t\t\t\t\t\t\t\t\t\t\t\t<\/div>\n\t\t\t\t\t\t<\/div>\n\t\t\t\t\t\t<div class=\"col-auto property-item-button ps-1 me-auto me-md-0 pt-3\">\n\t\t\t\t\t\t\t<a class=\"btn btn-listing\" href=\"villa-en-venta-en-paraiso-alto-benahavis-ref-480.html\">Descubra<\/a>\n\t\t\t\t\t\t<\/div>\n\t\t\t\t\t<\/div>\n\t\t\t\t<\/div>\n\t\t\t<\/div>\n\t\t<\/div>\n\n\t\n\t\n\n\t\t<div class=\"col-lg-6 properties-carousel-item d-flex flex-wrap\">\n\t\t\t<div class=\"property-item d-flex flex-wrap\">\n\t\t\t\t<!-- Galeria interior -->\n\t\t\t\t<div class=\"property-item-gallery align-self-start w-100\">\n\t\t\t\t\t<div id=\"propertiesCarousel2\" class=\"carousel slide\" data-bs-touch=\"false\" data-bs-interval=\"false\">\n\t\t\t\t\t\t<div class=\"carousel-inner\">\n\t\t\t\t\t\t\t<div class=\"carousel-item active\">\n\t\t\t\t\t\t\t\t<a href=\"villa-en-venta-en-paraiso-alto-benahavis-ref-329.html\" title=\"Exclusiva villa de golf en primera l\u00ednea en El Para\u00edso, Benahav\u00eds\">\n\t\t\t\t\t\t\t\t\t<img decoding=\"async\" src=\"https:\/\/media.inmobalia.com\/imgV1\/B98Le8~d7M9k3DegpEFZhS0lI_F8U4XZVz~HWxt~mGgYekxX9nCAxh0ZipZlAjNxEM6s1ur~IyRusIw0GtmwP9f_NSLgLWbfUSLlLkLLBW1AFQU0KE2HAm7b8sDvT6XGnj6TXR9q__wGK7VYkTfh.jpg\" class=\"d-block w-100\" alt=\"Exclusiva villa de golf en primera l\u00ednea en El Para\u00edso, Benahav\u00eds\">\n\t\t\t\t\t\t\t\t<\/a>\n\t\t\t\t\t\t\t<\/div>\n\t\t\t\t\t\t\t\t\t\t\t\t\t\t<div class=\"carousel-item\">\n\t\t\t\t\t\t\t\t<a href=\"villa-en-venta-en-paraiso-alto-benahavis-ref-329.html\" title=\"Exclusiva villa de golf en primera l\u00ednea en El Para\u00edso, Benahav\u00eds\">\n\t\t\t\t\t\t\t\t\t<img decoding=\"async\" src=\"https:\/\/media.inmobalia.com\/imgV1\/B98Le8~d7M9k3DegpEFZhS0lI_F8U4XZVz~HWxt~mGgYekxX9nCAxh0ZipZlAjNxEM6s1ur~IyRusIw0GtmwP9f_NSLgLWaJqFnGwANHQLKM~erfRPKCDAi9oxmKMKbMRcw8KRJZpyJM3ZqOAaCt.jpg\" class=\"d-block w-100\" alt=\"Exclusiva villa de golf en primera l\u00ednea en El Para\u00edso, Benahav\u00eds\">\n\t\t\t\t\t\t\t\t<\/a>\n\t\t\t\t\t\t\t<\/div>\n\t\t\t\t\t\t\t\t\t\t\t\t\t\t\t\t\t\t\t\t\t<div class=\"carousel-item\">\n\t\t\t\t\t\t\t\t<a href=\"villa-en-venta-en-paraiso-alto-benahavis-ref-329.html\" title=\"Exclusiva villa de golf en primera l\u00ednea en El Para\u00edso, Benahav\u00eds\">\n\t\t\t\t\t\t\t\t\t<img decoding=\"async\" src=\"https:\/\/media.inmobalia.com\/imgV1\/B98Le8~d7M9k3DegpEFZhS0lI_F8U4XZVz~HWxt~mGgYekxX9nCAxh0ZipZlAjNxEM6s1ur~IyRusIw0GtmwP9f_NSLgLWaIA69G_JX9odTe_exB6JZ4hPZJ59pmzgJYc1N6Hirtc0XnnMOh8OiF.jpg\" class=\"d-block w-100\" alt=\"Exclusiva villa de golf en primera l\u00ednea en El Para\u00edso, Benahav\u00eds\">\n\t\t\t\t\t\t\t\t<\/a>\n\t\t\t\t\t\t\t<\/div>\n\t\t\t\t\t\t\t\t\t\t\t\t\t<\/div>\n\t\t\t\t\t\t<button class=\"carousel-control-prev\" type=\"button\" data-bs-target=\"#propertiesCarousel2\" data-bs-slide=\"prev\">\n\t\t\t\t\t\t\t<span class=\"visually-hidden\">Anterior<\/span>\n\t\t\t\t\t\t<\/button>\n\t\t\t\t\t\t<button class=\"carousel-control-next\" type=\"button\" data-bs-target=\"#propertiesCarousel2\" data-bs-slide=\"next\">\n\t\t\t\t\t\t\t<span class=\"visually-hidden\">Siguiente<\/span>\n\t\t\t\t\t\t<\/button>\n\t\t\t\t\t<\/div>\n\t\t\t\t\t<div class=\"properties-carousel-item-inner p-4 pb-3 pt-3\">\n\t\t\t\t\t\t<h3 class=\"properties-carousel-title\">Exclusiva villa de golf en primera l\u00ednea en El Para\u00edso, Benahav\u00eds<\/h3>\n\t\t\t\t\t<\/div>\n\t\t\t\t<\/div>\n\t\t\t\t<div class=\"properties-carousel-item-inner p-4 pt-0  align-self-end\">\n\t\t\t\t\t<div class=\"row align-items-end\">\n\t\t\t\t\t\t<div class=\"col-12 properties-carousel-feature pb-4\">\n\t\t\t\t\t\t\t<strong>4<\/strong> Dorm.  |  \n\t\t\t\t\t\t\t<strong>4<\/strong> Ba\u00f1os  |  \n\t\t\t\t\t\t\t<strong>647 m<sup>2<\/sup><\/strong> Construido  |  \n\t\t\t\t\t\t\t<strong>94 m<sup>2<\/sup><\/strong> Terraza\n\t\t\t\t\t\t\t  |  <strong>2.431 m<sup>2<\/sup><\/strong> Parcela\t\t\t\t\t\t<\/div>\n\t\t\t\t\t\t<div class=\"col-lg-auto me-auto properties-carousel-price align-self-center pb-4 pb-lg-0\">\n\t\t\t\t\t\t\tRef: 329  |  \n\t\t\t\t\t\t\t<strong>\n\t\t\t\t\t\t\t\t\t\t\t\t\t\t\t\t\t\t\t\t\t\t\t\t\t\t2.990.000 \u20ac\n\t\t\t\t\t\t\t\t\t\t\t\t\t\t\t<\/strong>\n\t\t\t\t\t\t<\/div>\n\t\t\t\t\t\t<div class=\"col-auto property-item-favourite align-self-center pe-1 ms-auto ms-md-0 pt-3\">\n\t\t\t\t\t\t\t<div>\n\t\t\t\t\t\t\t\t\t\t\t\t\t\t\t\t\t<input type=\"checkbox\" id=\"property_329\" value=\"329\">\n\t\t\t\t\t\t\t\t\t<label for=\"property_329\" id=\"property_329\" data-action=\"add\" class=\"portfoliobutton\"><\/label>\n\t\t\t\t\t\t\t\t\t\t\t\t\t\t\t<\/div>\n\t\t\t\t\t\t<\/div>\n\t\t\t\t\t\t<div class=\"col-auto property-item-button ps-1 me-auto me-md-0 pt-3\">\n\t\t\t\t\t\t\t<a class=\"btn btn-listing\" href=\"villa-en-venta-en-paraiso-alto-benahavis-ref-329.html\">Descubra<\/a>\n\t\t\t\t\t\t<\/div>\n\t\t\t\t\t<\/div>\n\t\t\t\t<\/div>\n\t\t\t<\/div>\n\t\t<\/div>\n\n\t\n\t\n\n\t\t<div class=\"col-lg-6 properties-carousel-item d-flex flex-wrap\">\n\t\t\t<div class=\"property-item d-flex flex-wrap\">\n\t\t\t\t<!-- Galeria interior -->\n\t\t\t\t<div class=\"property-item-gallery align-self-start w-100\">\n\t\t\t\t\t<div id=\"propertiesCarousel3\" class=\"carousel slide\" data-bs-touch=\"false\" data-bs-interval=\"false\">\n\t\t\t\t\t\t<div class=\"carousel-inner\">\n\t\t\t\t\t\t\t<div class=\"carousel-item active\">\n\t\t\t\t\t\t\t\t<a href=\"apartamento-en-venta-en-guadalmina-alta-san-pedro-de-alcantara-ref-2113.html\" title=\"Luminoso apartamento de 2 dormitorios con vistas al golf y al mar parcial en Guadalmina Alta, Marbella\">\n\t\t\t\t\t\t\t\t\t<img decoding=\"async\" src=\"https:\/\/media.inmobalia.com\/imgV1\/B98Le8~d7M9k3DegpEFZhS0lI_F8U4XZVz~HWxt~mGgYekxX9nCAxh0ZipZlAjNxEM6s1ur~IyRusIw0GtmwP9f_NS51rGXBE6Vj1oGljUuQCaenHV1LpKyMwebCXdNOSvq6T~k8OliPAGUFV0A2.jpg\" class=\"d-block w-100\" alt=\"Luminoso apartamento de 2 dormitorios con vistas al golf y al mar parcial en Guadalmina Alta, Marbella\">\n\t\t\t\t\t\t\t\t<\/a>\n\t\t\t\t\t\t\t<\/div>\n\t\t\t\t\t\t\t\t\t\t\t\t\t\t<div class=\"carousel-item\">\n\t\t\t\t\t\t\t\t<a href=\"apartamento-en-venta-en-guadalmina-alta-san-pedro-de-alcantara-ref-2113.html\" title=\"Luminoso apartamento de 2 dormitorios con vistas al golf y al mar parcial en Guadalmina Alta, Marbella\">\n\t\t\t\t\t\t\t\t\t<img decoding=\"async\" src=\"https:\/\/media.inmobalia.com\/imgV1\/B98Le8~d7M9k3DegpEFZhS0lI_F8U4XZVz~HWxt~mGgYekxX9nCAxh0ZipZlAjNxEM6s1ur~IyRusIw0GtmwP9f_NS51rGWVXz9agGw7eJut1Qf5Z935XmRQMj1YYRqJEYmCG5_Vc2tjLjtaa6WJ.jpg\" class=\"d-block w-100\" alt=\"Luminoso apartamento de 2 dormitorios con vistas al golf y al mar parcial en Guadalmina Alta, Marbella\">\n\t\t\t\t\t\t\t\t<\/a>\n\t\t\t\t\t\t\t<\/div>\n\t\t\t\t\t\t\t\t\t\t\t\t\t\t\t\t\t\t\t\t\t<div class=\"carousel-item\">\n\t\t\t\t\t\t\t\t<a href=\"apartamento-en-venta-en-guadalmina-alta-san-pedro-de-alcantara-ref-2113.html\" title=\"Luminoso apartamento de 2 dormitorios con vistas al golf y al mar parcial en Guadalmina Alta, Marbella\">\n\t\t\t\t\t\t\t\t\t<img decoding=\"async\" src=\"https:\/\/media.inmobalia.com\/imgV1\/B98Le8~d7M9k3DegpEFZhS0lI_F8U4XZVz~HWxt~mGgYekxX9nCAxh0ZipZlAjNxEM6s1ur~IyRusIw0GtmwP9f_NS51rGXH0TocCCB0P3LoYY95RINTL1pTiL_Gc7jRnE~1Zx2qrevVpes79DMm.jpg\" class=\"d-block w-100\" alt=\"Luminoso apartamento de 2 dormitorios con vistas al golf y al mar parcial en Guadalmina Alta, Marbella\">\n\t\t\t\t\t\t\t\t<\/a>\n\t\t\t\t\t\t\t<\/div>\n\t\t\t\t\t\t\t\t\t\t\t\t\t<\/div>\n\t\t\t\t\t\t<button class=\"carousel-control-prev\" type=\"button\" data-bs-target=\"#propertiesCarousel3\" data-bs-slide=\"prev\">\n\t\t\t\t\t\t\t<span class=\"visually-hidden\">Anterior<\/span>\n\t\t\t\t\t\t<\/button>\n\t\t\t\t\t\t<button class=\"carousel-control-next\" type=\"button\" data-bs-target=\"#propertiesCarousel3\" data-bs-slide=\"next\">\n\t\t\t\t\t\t\t<span class=\"visually-hidden\">Siguiente<\/span>\n\t\t\t\t\t\t<\/button>\n\t\t\t\t\t<\/div>\n\t\t\t\t\t<div class=\"properties-carousel-item-inner p-4 pb-3 pt-3\">\n\t\t\t\t\t\t<h3 class=\"properties-carousel-title\">Luminoso apartamento de 2 dormitorios con vistas al golf y al mar parcial en Guadalmina Alta, Marbella<\/h3>\n\t\t\t\t\t<\/div>\n\t\t\t\t<\/div>\n\t\t\t\t<div class=\"properties-carousel-item-inner p-4 pt-0  align-self-end\">\n\t\t\t\t\t<div class=\"row align-items-end\">\n\t\t\t\t\t\t<div class=\"col-12 properties-carousel-feature pb-4\">\n\t\t\t\t\t\t\t<strong>2<\/strong> Dorm.  |  \n\t\t\t\t\t\t\t<strong>2<\/strong> Ba\u00f1os  |  \n\t\t\t\t\t\t\t<strong>163 m<sup>2<\/sup><\/strong> Construido  |  \n\t\t\t\t\t\t\t<strong>13 m<sup>2<\/sup><\/strong> Terraza\n\t\t\t\t\t\t\t\t\t\t\t\t\t<\/div>\n\t\t\t\t\t\t<div class=\"col-lg-auto me-auto properties-carousel-price align-self-center pb-4 pb-lg-0\">\n\t\t\t\t\t\t\tRef: 2113  |  \n\t\t\t\t\t\t\t<strong>\n\t\t\t\t\t\t\t\t\t\t\t\t\t\t\t\t\t\t\t\t\t\t\t\t\t\t595.000 \u20ac\n\t\t\t\t\t\t\t\t\t\t\t\t\t\t\t<\/strong>\n\t\t\t\t\t\t<\/div>\n\t\t\t\t\t\t<div class=\"col-auto property-item-favourite align-self-center pe-1 ms-auto ms-md-0 pt-3\">\n\t\t\t\t\t\t\t<div>\n\t\t\t\t\t\t\t\t\t\t\t\t\t\t\t\t\t<input type=\"checkbox\" id=\"property_2113\" value=\"2113\">\n\t\t\t\t\t\t\t\t\t<label for=\"property_2113\" id=\"property_2113\" data-action=\"add\" class=\"portfoliobutton\"><\/label>\n\t\t\t\t\t\t\t\t\t\t\t\t\t\t\t<\/div>\n\t\t\t\t\t\t<\/div>\n\t\t\t\t\t\t<div class=\"col-auto property-item-button ps-1 me-auto me-md-0 pt-3\">\n\t\t\t\t\t\t\t<a class=\"btn btn-listing\" href=\"apartamento-en-venta-en-guadalmina-alta-san-pedro-de-alcantara-ref-2113.html\">Descubra<\/a>\n\t\t\t\t\t\t<\/div>\n\t\t\t\t\t<\/div>\n\t\t\t\t<\/div>\n\t\t\t<\/div>\n\t\t<\/div>\n\n\t\t\t<\/div>\n\t\t<\/div>\n\t<\/div>\n<\/div>\n\n<\/div>\n<\/div><\/section>\n<\/div><\/section>\n\n\n\n<section class=\"wp-block-uagb-section uagb-section__wrap uagb-section__background-undefined uagb-block-b58d099f\"><div class=\"uagb-section__overlay\"><\/div><div class=\"uagb-section__inner-wrap\">\n<section class=\"wp-block-uagb-columns uagb-columns__wrap uagb-columns__background-none uagb-columns__stack-mobile uagb-columns__valign- uagb-columns__gap-0 align uagb-block-6090cd4a uagb-columns__columns-2 uagb-columns__max_width-theme text-center text-md-start\"><div class=\"uagb-columns__overlay\"><\/div><div class=\"uagb-columns__inner-wrap uagb-columns__columns-2\">\n<div class=\"wp-block-uagb-column uagb-column__wrap uagb-column__background-undefined uagb-block-f4b8dd1b\"><div class=\"uagb-column__overlay\"><\/div>\n<p class=\"mb-0 mb-lg-3\" style=\"font-size:16px;text-transform:uppercase\">PROPIEDADES EN VENTA<\/p>\n\n\n\n<h3 class=\"wp-block-heading mb-0\">\u00daltimas propiedades<\/h3>\n<\/div>\n\n\n\n<div class=\"wp-block-uagb-column uagb-column__wrap uagb-column__background-undefined uagb-block-6821f17c\"><div class=\"uagb-column__overlay\"><\/div><\/div>\n<\/div><\/section>\n\n\n\n<section class=\"wp-block-uagb-columns uagb-columns__wrap uagb-columns__background-none uagb-columns__stack-mobile uagb-columns__valign- uagb-columns__gap-0 align uagb-block-2d3e36af uagb-columns__columns-1 uagb-columns__max_width-theme\"><div class=\"uagb-columns__overlay\"><\/div><div class=\"uagb-columns__inner-wrap uagb-columns__columns-1\">\n<div class=\"wp-block-uagb-column uagb-column__wrap uagb-column__background-undefined uagb-block-312d92be\"><div class=\"uagb-column__overlay\"><\/div><div class=\"featured-apartments pt-md-4 pt-lg-0\">\n\t<div class=\"row\">\n\t\t<div class=\"col-12\">\n\n\n\t\t<div class=\"properties-carousel container\">\n\t\t<div class=\"row properties-carousel-item-wrapper related-properties-carousel text-center text-md-start\">\n\t\t\t\t\t\t\t\t\t\t\n\t\t\n\t\t\t\t<div class=\"col-lg-6 properties-carousel-item d-flex flex-wrap\">\n\t\t\t\t\t<div class=\"property-item d-flex flex-wrap\">\n\t\t\t\t\t\t<div class=\"property-item-gallery align-self-start w-100\">\n\t\t\t\t\t\t\t<div id=\"relatedCarousel0\" class=\"carousel slide\" data-bs-touch=\"false\" data-bs-interval=\"false\"> <!-- el id de la galeria deber ser dinamico durante el loop -->\n\t\t\t\t\t\t\t\t<div class=\"carousel-inner\">\n\t\t\t\t\t\t\t\t\t<div class=\"carousel-item active\">\n\t\t\t\t\t\t\t\t\t\t<a href=\"adosada-en-venta-en-montevideo-hills-benahavis-ref-AD184.html\" title=\"Adosado de esquina cercano a numerosos campos de golf\">\n\t\t\t\t\t\t\t\t\t\t\t<img decoding=\"async\" src=\"https:\/\/media.inmobalia.com\/imgV1\/B98Le8~d7M9k3DegpEFZhS0lI_F8U4XZVz~HWxt~mGgYekxX9nCAxh0ZipZlAjNxEM6s1ur~IyRusIw0GtmwP9f_NknFqYGrcWus5zKUAaIDiJRk2kwxIV7TP036~IQ6k~T94~dgLaDBwXuqhbZh.jpg\" class=\"d-block w-100 skip-lazy\" alt=\"Adosado de esquina cercano a numerosos campos de golf\">\n\t\t\t\t\t\t\t\t\t\t<\/a>\n\t\t\t\t\t\t\t\t\t<\/div>\n\t\t\t\t\t\t\t\t\t\t\t\t\t\t\t\t\t\t<div class=\"carousel-item\">\n\t\t\t\t\t\t\t\t\t\t<a href=\"adosada-en-venta-en-montevideo-hills-benahavis-ref-AD184.html\" title=\"Adosado de esquina cercano a numerosos campos de golf\">\n\t\t\t\t\t\t\t\t\t\t\t<img decoding=\"async\" src=\"https:\/\/media.inmobalia.com\/imgV1\/B98Le8~d7M9k3DegpEFZhS0lI_F8U4XZVz~HWxt~mGgYekxX9nCAxh0ZipZlAjNxEM6s1ur~IyRusIw0GtmwP9f_NknFqYGuLPepmdP3lqesmaMAowXFIS0VoZrO~eP~8uHsn4PeudB4KR7J_o68.jpg\" class=\"d-block w-100 skip-lazy\" alt=\"Adosado de esquina cercano a numerosos campos de golf\">\n\t\t\t\t\t\t\t\t\t\t<\/a>\n\t\t\t\t\t\t\t\t\t<\/div>\n\t\t\t\t\t\t\t\t\t\t\t\t\t\t\t\t\t\t\t\t\t\t\t\t\t\t\t<div class=\"carousel-item\">\n\t\t\t\t\t\t\t\t\t\t<a href=\"adosada-en-venta-en-montevideo-hills-benahavis-ref-AD184.html\" title=\"Adosado de esquina cercano a numerosos campos de golf\">\n\t\t\t\t\t\t\t\t\t\t\t<img decoding=\"async\" src=\"https:\/\/media.inmobalia.com\/imgV1\/B98Le8~d7M9k3DegpEFZhS0lI_F8U4XZVz~HWxt~mGgYekxX9nCAxh0ZipZlAjNxEM6s1ur~IyRusIw0GtmwP9f_NknFqYH5me_jH9KPQeyuHmOSEXqqOG0ZRkQFQgwctjhtv9PaH6yeLPuT78Sz.jpg\" class=\"d-block w-100 skip-lazy\" alt=\"Adosado de esquina cercano a numerosos campos de golf\">\n\t\t\t\t\t\t\t\t\t\t<\/a>\n\t\t\t\t\t\t\t\t\t<\/div>\n\t\t\t\t\t\t\t\t\t\t\t\t\t\t\t\t\t<\/div>\n\t\t\t\t\t\t\t\t<button class=\"carousel-control-prev\" type=\"button\" data-bs-target=\"#relatedCarousel0\" data-bs-slide=\"prev\">\n\t\t\t\t\t\t\t\t\t<span class=\"visually-hidden\">Anterior<\/span>\n\t\t\t\t\t\t\t\t<\/button>\n\t\t\t\t\t\t\t\t<button class=\"carousel-control-next\" type=\"button\" data-bs-target=\"#relatedCarousel0\" data-bs-slide=\"next\">\n\t\t\t\t\t\t\t\t\t<span class=\"visually-hidden\">Siguiente<\/span>\n\t\t\t\t\t\t\t\t<\/button>\n\t\t\t\t\t\t\t<\/div>\n\t\t\t\t\t\t\t<div class=\"properties-carousel-item-inner p-4 pb-3 pt-3\">\n\t\t\t\t\t\t\t\t<h3 class=\"properties-carousel-title\">Adosado de esquina cercano a numerosos campos de golf<\/h3>\n\t\t\t\t\t\t\t<\/div>\n\t\t\t\t\t\t<\/div>\n\t\t\t\t\t\t<div class=\"properties-carousel-item-inner p-4 pt-0  align-self-end\">\n\t\t\t\t\t\t\t<div class=\"row align-items-end\">\n\t\t\t\t\t\t\t\t<div class=\"col-12 properties-carousel-feature pb-4\">\n\t\t\t\t\t\t\t\t\t<strong>3<\/strong> Dorm.  |  \n\t\t\t\t\t\t\t\t\t<strong>2<\/strong> Ba\u00f1os  |  \n\t\t\t\t\t\t\t\t\t<strong>237 m<sup>2<\/sup><\/strong> Construido  |  \n\t\t\t\t\t\t\t\t\t<strong>50 m<sup>2<\/sup><\/strong> Terraza\n\t\t\t\t\t\t\t\t\t\t\t\t\t\t\t\t\t<\/div>\n\t\t\t\t\t\t\t\t<div class=\"col-lg-auto me-auto properties-carousel-price align-self-center pb-4 pb-lg-0\">\n\t\t\t\t\t\t\t\t\tRef: AD184  |  \n\t\t\t\t\t\t\t\t\t<strong>\n\t\t\t\t\t\t\t\t\t\t\t\t\t\t\t\t\t\t\t\t\t\t\t\t\t\t\t\t\t\t\t\t749.000 \u20ac\n\t\t\t\t\t\t\t\t\t\t\t\t\t\t\t\t\t\t\t<\/strong>\n\t\t\t\t\t\t\t\t<\/div>\n\t\t\t\t\t\t\t\t<div class=\"col-auto property-item-favourite align-self-center pe-1 ms-auto ms-md-0 pt-3\">\n\t\t\t\t\t\t\t\t\t<div>\n\t\t\t\t\t\t\t\t\t\t\t\t\t\t\t\t\t\t\t\t\t<input type=\"checkbox\" id=\"property_AD184\" value=\"AD184\">\n\t\t\t\t\t\t\t\t\t\t\t<label for=\"property_AD184\" id=\"property_AD184\" data-action=\"add\" class=\"portfoliobutton\"><\/label>\n\t\t\t\t\t\t\t\t\t\t\t\t\t\t\t\t\t\t\t<\/div>\n\t\t\t\t\t\t\t\t<\/div>\n\t\t\t\t\t\t\t\t<div class=\"col-auto property-item-button ps-1 me-auto me-md-0 pt-3\">\n\t\t\t\t\t\t\t\t\t<a class=\"btn btn-listing\" href=\"adosada-en-venta-en-montevideo-hills-benahavis-ref-AD184.html\" title=\"Adosado de esquina cercano a numerosos campos de golf\">Descubra<\/a>\n\t\t\t\t\t\t\t\t<\/div>\n\t\t\t\t\t\t\t<\/div>\n\t\t\t\t\t\t<\/div>\n\t\t\t\t\t<\/div>\n\t\t\t\t<\/div>\n\t\t\n\t\t\t\t\t\t\t\t\t\t\n\t\t\n\t\t\t\t<div class=\"col-lg-6 properties-carousel-item d-flex flex-wrap\">\n\t\t\t\t\t<div class=\"property-item d-flex flex-wrap\">\n\t\t\t\t\t\t<div class=\"property-item-gallery align-self-start w-100\">\n\t\t\t\t\t\t\t<div id=\"relatedCarousel1\" class=\"carousel slide\" data-bs-touch=\"false\" data-bs-interval=\"false\"> <!-- el id de la galeria deber ser dinamico durante el loop -->\n\t\t\t\t\t\t\t\t<div class=\"carousel-inner\">\n\t\t\t\t\t\t\t\t\t<div class=\"carousel-item active\">\n\t\t\t\t\t\t\t\t\t\t<a href=\"villa-en-venta-en-alta-vista-san-pedro-de-alcantara-ref-342.html\" title=\"Villa de reciente construcci\u00f3n situada en la tranquila zona de Altavista, San Pedro de Alc\u00e1ntara\">\n\t\t\t\t\t\t\t\t\t\t\t<img decoding=\"async\" src=\"https:\/\/media.inmobalia.com\/imgV1\/B98Le8~d7M9k3DegpEFZhS0lI_F8U4XZVz~HWxt~mGgYekxX9nCAxh0ZipZlAjNxEM6s1ur~IyRusIw0GtmwP9f_NknGzE9YOS8Lcs4JkOep2SpmilW732jYB1jfhYperYeFo~TIBFsbmbyoB966.jpg\" class=\"d-block w-100 skip-lazy\" alt=\"Villa de reciente construcci\u00f3n situada en la tranquila zona de Altavista, San Pedro de Alc\u00e1ntara\">\n\t\t\t\t\t\t\t\t\t\t<\/a>\n\t\t\t\t\t\t\t\t\t<\/div>\n\t\t\t\t\t\t\t\t\t\t\t\t\t\t\t\t\t\t<div class=\"carousel-item\">\n\t\t\t\t\t\t\t\t\t\t<a href=\"villa-en-venta-en-alta-vista-san-pedro-de-alcantara-ref-342.html\" title=\"Villa de reciente construcci\u00f3n situada en la tranquila zona de Altavista, San Pedro de Alc\u00e1ntara\">\n\t\t\t\t\t\t\t\t\t\t\t<img decoding=\"async\" src=\"https:\/\/media.inmobalia.com\/imgV1\/B98Le8~d7M9k3DegpEFZhS0lI_F8U4XZVz~HWxt~mGgYekxX9nCAxh0ZipZlAjNxEM6s1ur~IyRusIw0GtmwP9f_NknGzE8PlsLWHPtoxnwXtYgyTv~BVpSEIBfDDYxfyTpeXL1AVx3ZtyKVFtFR.jpg\" class=\"d-block w-100 skip-lazy\" alt=\"Villa de reciente construcci\u00f3n situada en la tranquila zona de Altavista, San Pedro de Alc\u00e1ntara\">\n\t\t\t\t\t\t\t\t\t\t<\/a>\n\t\t\t\t\t\t\t\t\t<\/div>\n\t\t\t\t\t\t\t\t\t\t\t\t\t\t\t\t\t\t\t\t\t\t\t\t\t\t\t<div class=\"carousel-item\">\n\t\t\t\t\t\t\t\t\t\t<a href=\"villa-en-venta-en-alta-vista-san-pedro-de-alcantara-ref-342.html\" title=\"Villa de reciente construcci\u00f3n situada en la tranquila zona de Altavista, San Pedro de Alc\u00e1ntara\">\n\t\t\t\t\t\t\t\t\t\t\t<img decoding=\"async\" src=\"https:\/\/media.inmobalia.com\/imgV1\/B98Le8~d7M9k3DegpEFZhS0lI_F8U4XZVz~HWxt~mGgYekxX9nCAxh0ZipZlAjNxEM6s1ur~IyRusIw0GtmwP9f_NknGzE9ZW6GNOLyQOwL8dMEz57UFzBJoemJ5GOLNL9odRuuEsS5f1A8mdUqp.jpg\" class=\"d-block w-100 skip-lazy\" alt=\"Villa de reciente construcci\u00f3n situada en la tranquila zona de Altavista, San Pedro de Alc\u00e1ntara\">\n\t\t\t\t\t\t\t\t\t\t<\/a>\n\t\t\t\t\t\t\t\t\t<\/div>\n\t\t\t\t\t\t\t\t\t\t\t\t\t\t\t\t\t<\/div>\n\t\t\t\t\t\t\t\t<button class=\"carousel-control-prev\" type=\"button\" data-bs-target=\"#relatedCarousel1\" data-bs-slide=\"prev\">\n\t\t\t\t\t\t\t\t\t<span class=\"visually-hidden\">Anterior<\/span>\n\t\t\t\t\t\t\t\t<\/button>\n\t\t\t\t\t\t\t\t<button class=\"carousel-control-next\" type=\"button\" data-bs-target=\"#relatedCarousel1\" data-bs-slide=\"next\">\n\t\t\t\t\t\t\t\t\t<span class=\"visually-hidden\">Siguiente<\/span>\n\t\t\t\t\t\t\t\t<\/button>\n\t\t\t\t\t\t\t<\/div>\n\t\t\t\t\t\t\t<div class=\"properties-carousel-item-inner p-4 pb-3 pt-3\">\n\t\t\t\t\t\t\t\t<h3 class=\"properties-carousel-title\">Villa de reciente construcci\u00f3n situada en la tranquila zona de Altavista, San Pedro de Alc\u00e1ntara<\/h3>\n\t\t\t\t\t\t\t<\/div>\n\t\t\t\t\t\t<\/div>\n\t\t\t\t\t\t<div class=\"properties-carousel-item-inner p-4 pt-0  align-self-end\">\n\t\t\t\t\t\t\t<div class=\"row align-items-end\">\n\t\t\t\t\t\t\t\t<div class=\"col-12 properties-carousel-feature pb-4\">\n\t\t\t\t\t\t\t\t\t<strong>5<\/strong> Dorm.  |  \n\t\t\t\t\t\t\t\t\t<strong>4<\/strong> Ba\u00f1os  |  \n\t\t\t\t\t\t\t\t\t<strong>488 m<sup>2<\/sup><\/strong> Construido  |  \n\t\t\t\t\t\t\t\t\t<strong>238 m<sup>2<\/sup><\/strong> Terraza\n\t\t\t\t\t\t\t\t\t  |  <strong>626 m<sup>2<\/sup><\/strong> Parcela\t\t\t\t\t\t\t\t<\/div>\n\t\t\t\t\t\t\t\t<div class=\"col-lg-auto me-auto properties-carousel-price align-self-center pb-4 pb-lg-0\">\n\t\t\t\t\t\t\t\t\tRef: 342  |  \n\t\t\t\t\t\t\t\t\t<strong>\n\t\t\t\t\t\t\t\t\t\t\t\t\t\t\t\t\t\t\t\t\t\t\t\t\t\t\t\t\t\t\t\t3.695.000 \u20ac\n\t\t\t\t\t\t\t\t\t\t\t\t\t\t\t\t\t\t\t<\/strong>\n\t\t\t\t\t\t\t\t<\/div>\n\t\t\t\t\t\t\t\t<div class=\"col-auto property-item-favourite align-self-center pe-1 ms-auto ms-md-0 pt-3\">\n\t\t\t\t\t\t\t\t\t<div>\n\t\t\t\t\t\t\t\t\t\t\t\t\t\t\t\t\t\t\t\t\t<input type=\"checkbox\" id=\"property_342\" value=\"342\">\n\t\t\t\t\t\t\t\t\t\t\t<label for=\"property_342\" id=\"property_342\" data-action=\"add\" class=\"portfoliobutton\"><\/label>\n\t\t\t\t\t\t\t\t\t\t\t\t\t\t\t\t\t\t\t<\/div>\n\t\t\t\t\t\t\t\t<\/div>\n\t\t\t\t\t\t\t\t<div class=\"col-auto property-item-button ps-1 me-auto me-md-0 pt-3\">\n\t\t\t\t\t\t\t\t\t<a class=\"btn btn-listing\" href=\"villa-en-venta-en-alta-vista-san-pedro-de-alcantara-ref-342.html\" title=\"Villa de reciente construcci\u00f3n situada en la tranquila zona de Altavista, San Pedro de Alc\u00e1ntara\">Descubra<\/a>\n\t\t\t\t\t\t\t\t<\/div>\n\t\t\t\t\t\t\t<\/div>\n\t\t\t\t\t\t<\/div>\n\t\t\t\t\t<\/div>\n\t\t\t\t<\/div>\n\t\t\n\t\t\t\t\t\t\t\t\t\t\n\t\t\n\t\t\t\t<div class=\"col-lg-6 properties-carousel-item d-flex flex-wrap\">\n\t\t\t\t\t<div class=\"property-item d-flex flex-wrap\">\n\t\t\t\t\t\t<div class=\"property-item-gallery align-self-start w-100\">\n\t\t\t\t\t\t\t<div id=\"relatedCarousel2\" class=\"carousel slide\" data-bs-touch=\"false\" data-bs-interval=\"false\"> <!-- el id de la galeria deber ser dinamico durante el loop -->\n\t\t\t\t\t\t\t\t<div class=\"carousel-inner\">\n\t\t\t\t\t\t\t\t\t<div class=\"carousel-item active\">\n\t\t\t\t\t\t\t\t\t\t<a href=\"atico-en-venta-en-torre-bermeja-estepona-ref-2154.html\" title=\"Excepcional \u00e1tico d\u00faplex, ubicado en el coraz\u00f3n de una exclusiva urbanizaci\u00f3n en primera l\u00ednea de playa.\">\n\t\t\t\t\t\t\t\t\t\t\t<img decoding=\"async\" src=\"https:\/\/media.inmobalia.com\/imgV1\/B98Le8~d7M9k3DegpEFZhS0lI_F8U4XZVz~HWxt~mGgYekxX9nCAxh0ZipZlAjNxEM6s1ur~IyRusIw0GtmwP9f_NknHhak9Pf6YuuDuuaFRqgt~TSOom336hM3wWYah452NVwsq0WIiiUj9O5bw.png\" class=\"d-block w-100 skip-lazy\" alt=\"Excepcional \u00e1tico d\u00faplex, ubicado en el coraz\u00f3n de una exclusiva urbanizaci\u00f3n en primera l\u00ednea de playa.\">\n\t\t\t\t\t\t\t\t\t\t<\/a>\n\t\t\t\t\t\t\t\t\t<\/div>\n\t\t\t\t\t\t\t\t\t\t\t\t\t\t\t\t\t\t<div class=\"carousel-item\">\n\t\t\t\t\t\t\t\t\t\t<a href=\"atico-en-venta-en-torre-bermeja-estepona-ref-2154.html\" title=\"Excepcional \u00e1tico d\u00faplex, ubicado en el coraz\u00f3n de una exclusiva urbanizaci\u00f3n en primera l\u00ednea de playa.\">\n\t\t\t\t\t\t\t\t\t\t\t<img decoding=\"async\" src=\"https:\/\/media.inmobalia.com\/imgV1\/B98Le8~d7M9k3DegpEFZhS0lI_F8U4XZVz~HWxt~mGgYekxX9nCAxh0ZipZlAjNxEM6s1ur~IyRusIw0GtmwP9f_NknHhalhoDePOoZPaMt8inDERfSe3imZ8lQZRTFXT7_vveQ6KS4SEIoIirey.png\" class=\"d-block w-100 skip-lazy\" alt=\"Excepcional \u00e1tico d\u00faplex, ubicado en el coraz\u00f3n de una exclusiva urbanizaci\u00f3n en primera l\u00ednea de playa.\">\n\t\t\t\t\t\t\t\t\t\t<\/a>\n\t\t\t\t\t\t\t\t\t<\/div>\n\t\t\t\t\t\t\t\t\t\t\t\t\t\t\t\t\t\t\t\t\t\t\t\t\t\t\t<div class=\"carousel-item\">\n\t\t\t\t\t\t\t\t\t\t<a href=\"atico-en-venta-en-torre-bermeja-estepona-ref-2154.html\" title=\"Excepcional \u00e1tico d\u00faplex, ubicado en el coraz\u00f3n de una exclusiva urbanizaci\u00f3n en primera l\u00ednea de playa.\">\n\t\t\t\t\t\t\t\t\t\t\t<img decoding=\"async\" src=\"https:\/\/media.inmobalia.com\/imgV1\/B98Le8~d7M9k3DegpEFZhS0lI_F8U4XZVz~HWxt~mGgYekxX9nCAxh0ZipZlAjNxEM6s1ur~IyRusIw0GtmwP9f_NknHhaluaavfBdRD1zq8QIJmkk~idMlTxE9FY00NyFHPMWNKL9m9CEYkLOYN.png\" class=\"d-block w-100 skip-lazy\" alt=\"Excepcional \u00e1tico d\u00faplex, ubicado en el coraz\u00f3n de una exclusiva urbanizaci\u00f3n en primera l\u00ednea de playa.\">\n\t\t\t\t\t\t\t\t\t\t<\/a>\n\t\t\t\t\t\t\t\t\t<\/div>\n\t\t\t\t\t\t\t\t\t\t\t\t\t\t\t\t\t<\/div>\n\t\t\t\t\t\t\t\t<button class=\"carousel-control-prev\" type=\"button\" data-bs-target=\"#relatedCarousel2\" data-bs-slide=\"prev\">\n\t\t\t\t\t\t\t\t\t<span class=\"visually-hidden\">Anterior<\/span>\n\t\t\t\t\t\t\t\t<\/button>\n\t\t\t\t\t\t\t\t<button class=\"carousel-control-next\" type=\"button\" data-bs-target=\"#relatedCarousel2\" data-bs-slide=\"next\">\n\t\t\t\t\t\t\t\t\t<span class=\"visually-hidden\">Siguiente<\/span>\n\t\t\t\t\t\t\t\t<\/button>\n\t\t\t\t\t\t\t<\/div>\n\t\t\t\t\t\t\t<div class=\"properties-carousel-item-inner p-4 pb-3 pt-3\">\n\t\t\t\t\t\t\t\t<h3 class=\"properties-carousel-title\">Excepcional \u00e1tico d\u00faplex, ubicado en el coraz\u00f3n de una exclusiva urbanizaci\u00f3n en primera l\u00ednea de playa.<\/h3>\n\t\t\t\t\t\t\t<\/div>\n\t\t\t\t\t\t<\/div>\n\t\t\t\t\t\t<div class=\"properties-carousel-item-inner p-4 pt-0  align-self-end\">\n\t\t\t\t\t\t\t<div class=\"row align-items-end\">\n\t\t\t\t\t\t\t\t<div class=\"col-12 properties-carousel-feature pb-4\">\n\t\t\t\t\t\t\t\t\t<strong>3<\/strong> Dorm.  |  \n\t\t\t\t\t\t\t\t\t<strong>3<\/strong> Ba\u00f1os  |  \n\t\t\t\t\t\t\t\t\t<strong>331 m<sup>2<\/sup><\/strong> Construido  |  \n\t\t\t\t\t\t\t\t\t<strong>125 m<sup>2<\/sup><\/strong> Terraza\n\t\t\t\t\t\t\t\t\t\t\t\t\t\t\t\t\t<\/div>\n\t\t\t\t\t\t\t\t<div class=\"col-lg-auto me-auto properties-carousel-price align-self-center pb-4 pb-lg-0\">\n\t\t\t\t\t\t\t\t\tRef: 2154  |  \n\t\t\t\t\t\t\t\t\t<strong>\n\t\t\t\t\t\t\t\t\t\t\t\t\t\t\t\t\t\t\t\t\t\t\t\t\t\t\t\t\t\t\t\t4.995.000 \u20ac\n\t\t\t\t\t\t\t\t\t\t\t\t\t\t\t\t\t\t\t<\/strong>\n\t\t\t\t\t\t\t\t<\/div>\n\t\t\t\t\t\t\t\t<div class=\"col-auto property-item-favourite align-self-center pe-1 ms-auto ms-md-0 pt-3\">\n\t\t\t\t\t\t\t\t\t<div>\n\t\t\t\t\t\t\t\t\t\t\t\t\t\t\t\t\t\t\t\t\t<input type=\"checkbox\" id=\"property_2154\" value=\"2154\">\n\t\t\t\t\t\t\t\t\t\t\t<label for=\"property_2154\" id=\"property_2154\" data-action=\"add\" class=\"portfoliobutton\"><\/label>\n\t\t\t\t\t\t\t\t\t\t\t\t\t\t\t\t\t\t\t<\/div>\n\t\t\t\t\t\t\t\t<\/div>\n\t\t\t\t\t\t\t\t<div class=\"col-auto property-item-button ps-1 me-auto me-md-0 pt-3\">\n\t\t\t\t\t\t\t\t\t<a class=\"btn btn-listing\" href=\"atico-en-venta-en-torre-bermeja-estepona-ref-2154.html\" title=\"Excepcional \u00e1tico d\u00faplex, ubicado en el coraz\u00f3n de una exclusiva urbanizaci\u00f3n en primera l\u00ednea de playa.\">Descubra<\/a>\n\t\t\t\t\t\t\t\t<\/div>\n\t\t\t\t\t\t\t<\/div>\n\t\t\t\t\t\t<\/div>\n\t\t\t\t\t<\/div>\n\t\t\t\t<\/div>\n\t\t\n\t\t\t\t\t\t\t\t\t\t\n\t\t\n\t\t\t\t<div class=\"col-lg-6 properties-carousel-item d-flex flex-wrap\">\n\t\t\t\t\t<div class=\"property-item d-flex flex-wrap\">\n\t\t\t\t\t\t<div class=\"property-item-gallery align-self-start w-100\">\n\t\t\t\t\t\t\t<div id=\"relatedCarousel3\" class=\"carousel slide\" data-bs-touch=\"false\" data-bs-interval=\"false\"> <!-- el id de la galeria deber ser dinamico durante el loop -->\n\t\t\t\t\t\t\t\t<div class=\"carousel-inner\">\n\t\t\t\t\t\t\t\t\t<div class=\"carousel-item active\">\n\t\t\t\t\t\t\t\t\t\t<a href=\"villa-en-venta-en-el-campanario-estepona-ref-288-3.html\" title=\"Exclusiva villa en primera l\u00ednea de golf, tu refugio privado bajo el sol del Mediterr\u00e1neo.\">\n\t\t\t\t\t\t\t\t\t\t\t<img decoding=\"async\" src=\"https:\/\/media.inmobalia.com\/imgV1\/B98Le8~d7M9k3DegpEFZhS0lI_F8U4XZVz~HWxt~mGgYekxX9nCAxh0ZipZlAjNxEM6s1ur~IyRusIw0GtmwP9f_NkgLTMtOfHSoA~znpP0DJwYPsJbtBShY_do_QJgaYbCre2lP0LySahk8eaRf.png\" class=\"d-block w-100 skip-lazy\" alt=\"Exclusiva villa en primera l\u00ednea de golf, tu refugio privado bajo el sol del Mediterr\u00e1neo.\">\n\t\t\t\t\t\t\t\t\t\t<\/a>\n\t\t\t\t\t\t\t\t\t<\/div>\n\t\t\t\t\t\t\t\t\t\t\t\t\t\t\t\t\t\t<div class=\"carousel-item\">\n\t\t\t\t\t\t\t\t\t\t<a href=\"villa-en-venta-en-el-campanario-estepona-ref-288-3.html\" title=\"Exclusiva villa en primera l\u00ednea de golf, tu refugio privado bajo el sol del Mediterr\u00e1neo.\">\n\t\t\t\t\t\t\t\t\t\t\t<img decoding=\"async\" src=\"https:\/\/media.inmobalia.com\/imgV1\/B98Le8~d7M9k3DegpEFZhS0lI_F8U4XZVz~HWxt~mGgYekxX9nCAxh0ZipZlAjNxEM6s1ur~IyRusIw0GtmwP9f_NkgLTMsQqevWJkDgB7Gr1wZ2Lc7LuVlIkFDlYRTZshFCsEnPfkEbe2IG3_Ab.png\" class=\"d-block w-100 skip-lazy\" alt=\"Exclusiva villa en primera l\u00ednea de golf, tu refugio privado bajo el sol del Mediterr\u00e1neo.\">\n\t\t\t\t\t\t\t\t\t\t<\/a>\n\t\t\t\t\t\t\t\t\t<\/div>\n\t\t\t\t\t\t\t\t\t\t\t\t\t\t\t\t\t\t\t\t\t\t\t\t\t\t\t<div class=\"carousel-item\">\n\t\t\t\t\t\t\t\t\t\t<a href=\"villa-en-venta-en-el-campanario-estepona-ref-288-3.html\" title=\"Exclusiva villa en primera l\u00ednea de golf, tu refugio privado bajo el sol del Mediterr\u00e1neo.\">\n\t\t\t\t\t\t\t\t\t\t\t<img decoding=\"async\" src=\"https:\/\/media.inmobalia.com\/imgV1\/B98Le8~d7M9k3DegpEFZhS0lI_F8U4XZVz~HWxt~mGgYekxX9nCAxh0ZipZlAjNxEM6s1ur~IyRusIw0GtmwP9f_NkgLTMsUoDavjBXw1Dl_ccnU2o3brm18ZXcKvsZIJyDDbBg8iERIpVFvT68f.png\" class=\"d-block w-100 skip-lazy\" alt=\"Exclusiva villa en primera l\u00ednea de golf, tu refugio privado bajo el sol del Mediterr\u00e1neo.\">\n\t\t\t\t\t\t\t\t\t\t<\/a>\n\t\t\t\t\t\t\t\t\t<\/div>\n\t\t\t\t\t\t\t\t\t\t\t\t\t\t\t\t\t<\/div>\n\t\t\t\t\t\t\t\t<button class=\"carousel-control-prev\" type=\"button\" data-bs-target=\"#relatedCarousel3\" data-bs-slide=\"prev\">\n\t\t\t\t\t\t\t\t\t<span class=\"visually-hidden\">Anterior<\/span>\n\t\t\t\t\t\t\t\t<\/button>\n\t\t\t\t\t\t\t\t<button class=\"carousel-control-next\" type=\"button\" data-bs-target=\"#relatedCarousel3\" data-bs-slide=\"next\">\n\t\t\t\t\t\t\t\t\t<span class=\"visually-hidden\">Siguiente<\/span>\n\t\t\t\t\t\t\t\t<\/button>\n\t\t\t\t\t\t\t<\/div>\n\t\t\t\t\t\t\t<div class=\"properties-carousel-item-inner p-4 pb-3 pt-3\">\n\t\t\t\t\t\t\t\t<h3 class=\"properties-carousel-title\">Exclusiva villa en primera l\u00ednea de golf, tu refugio privado bajo el sol del Mediterr\u00e1neo.<\/h3>\n\t\t\t\t\t\t\t<\/div>\n\t\t\t\t\t\t<\/div>\n\t\t\t\t\t\t<div class=\"properties-carousel-item-inner p-4 pt-0  align-self-end\">\n\t\t\t\t\t\t\t<div class=\"row align-items-end\">\n\t\t\t\t\t\t\t\t<div class=\"col-12 properties-carousel-feature pb-4\">\n\t\t\t\t\t\t\t\t\t<strong>4<\/strong> Dorm.  |  \n\t\t\t\t\t\t\t\t\t<strong>3<\/strong> Ba\u00f1os  |  \n\t\t\t\t\t\t\t\t\t<strong>525 m<sup>2<\/sup><\/strong> Construido  |  \n\t\t\t\t\t\t\t\t\t<strong>152 m<sup>2<\/sup><\/strong> Terraza\n\t\t\t\t\t\t\t\t\t  |  <strong>567 m<sup>2<\/sup><\/strong> Parcela\t\t\t\t\t\t\t\t<\/div>\n\t\t\t\t\t\t\t\t<div class=\"col-lg-auto me-auto properties-carousel-price align-self-center pb-4 pb-lg-0\">\n\t\t\t\t\t\t\t\t\tRef: 288-3  |  \n\t\t\t\t\t\t\t\t\t<strong>\n\t\t\t\t\t\t\t\t\t\t\t\t\t\t\t\t\t\t\t\t\tdesde \t\t\t\t\t\t\t\t\t\t\t2.650.000 \u20ac\n\t\t\t\t\t\t\t\t\t\t\t\t\t\t\t\t\t\t\t<\/strong>\n\t\t\t\t\t\t\t\t<\/div>\n\t\t\t\t\t\t\t\t<div class=\"col-auto property-item-favourite align-self-center pe-1 ms-auto ms-md-0 pt-3\">\n\t\t\t\t\t\t\t\t\t<div>\n\t\t\t\t\t\t\t\t\t\t\t\t\t\t\t\t\t\t\t\t\t<input type=\"checkbox\" id=\"property_288-3\" value=\"288-3\">\n\t\t\t\t\t\t\t\t\t\t\t<label for=\"property_288-3\" id=\"property_288-3\" data-action=\"add\" class=\"portfoliobutton\"><\/label>\n\t\t\t\t\t\t\t\t\t\t\t\t\t\t\t\t\t\t\t<\/div>\n\t\t\t\t\t\t\t\t<\/div>\n\t\t\t\t\t\t\t\t<div class=\"col-auto property-item-button ps-1 me-auto me-md-0 pt-3\">\n\t\t\t\t\t\t\t\t\t<a class=\"btn btn-listing\" href=\"villa-en-venta-en-el-campanario-estepona-ref-288-3.html\" title=\"Exclusiva villa en primera l\u00ednea de golf, tu refugio privado bajo el sol del Mediterr\u00e1neo.\">Descubra<\/a>\n\t\t\t\t\t\t\t\t<\/div>\n\t\t\t\t\t\t\t<\/div>\n\t\t\t\t\t\t<\/div>\n\t\t\t\t\t<\/div>\n\t\t\t\t<\/div>\n\t\t\n\t\t\t\t\t\t\t\t\t\t\n\t\t\n\t\t\t\t<div class=\"col-lg-6 properties-carousel-item d-flex flex-wrap\">\n\t\t\t\t\t<div class=\"property-item d-flex flex-wrap\">\n\t\t\t\t\t\t<div class=\"property-item-gallery align-self-start w-100\">\n\t\t\t\t\t\t\t<div id=\"relatedCarousel4\" class=\"carousel slide\" data-bs-touch=\"false\" data-bs-interval=\"false\"> <!-- el id de la galeria deber ser dinamico durante el loop -->\n\t\t\t\t\t\t\t\t<div class=\"carousel-inner\">\n\t\t\t\t\t\t\t\t\t<div class=\"carousel-item active\">\n\t\t\t\t\t\t\t\t\t\t<a href=\"villa-en-venta-en-el-campanario-estepona-ref-288-2.html\" title=\"Exclusiva villa de dise\u00f1o en primera l\u00ednea de golf, ubicada en el coraz\u00f3n del Tri\u00e1ngulo del Golf de Marbella.\">\n\t\t\t\t\t\t\t\t\t\t\t<img decoding=\"async\" src=\"https:\/\/media.inmobalia.com\/imgV1\/B98Le8~d7M9k3DegpEFZhS0lI_F8U4XZVz~HWxt~mGgYekxX9nCAxh0ZipZlAjNxEM6s1ur~IyRusIw0GtmwP9f_NkgKV1x60vKC3J6UrZJLhy5DKpLxskYTXqiKtiuDBZS2bjJDyLp6WfFNpHyj.png\" class=\"d-block w-100 skip-lazy\" alt=\"Exclusiva villa de dise\u00f1o en primera l\u00ednea de golf, ubicada en el coraz\u00f3n del Tri\u00e1ngulo del Golf de Marbella.\">\n\t\t\t\t\t\t\t\t\t\t<\/a>\n\t\t\t\t\t\t\t\t\t<\/div>\n\t\t\t\t\t\t\t\t\t\t\t\t\t\t\t\t\t\t<div class=\"carousel-item\">\n\t\t\t\t\t\t\t\t\t\t<a href=\"villa-en-venta-en-el-campanario-estepona-ref-288-2.html\" title=\"Exclusiva villa de dise\u00f1o en primera l\u00ednea de golf, ubicada en el coraz\u00f3n del Tri\u00e1ngulo del Golf de Marbella.\">\n\t\t\t\t\t\t\t\t\t\t\t<img decoding=\"async\" src=\"https:\/\/media.inmobalia.com\/imgV1\/B98Le8~d7M9k3DegpEFZhS0lI_F8U4XZVz~HWxt~mGgYekxX9nCAxh0ZipZlAjNxEM6s1ur~IyRusIw0GtmwP9f_NkgKV1wtU1JMZ8OV4fKw2aiBz2BK3wZroOTQBJMg__yxRdedjYBWvw6~ArCZ.png\" class=\"d-block w-100 skip-lazy\" alt=\"Exclusiva villa de dise\u00f1o en primera l\u00ednea de golf, ubicada en el coraz\u00f3n del Tri\u00e1ngulo del Golf de Marbella.\">\n\t\t\t\t\t\t\t\t\t\t<\/a>\n\t\t\t\t\t\t\t\t\t<\/div>\n\t\t\t\t\t\t\t\t\t\t\t\t\t\t\t\t\t\t\t\t\t\t\t\t\t\t\t<div class=\"carousel-item\">\n\t\t\t\t\t\t\t\t\t\t<a href=\"villa-en-venta-en-el-campanario-estepona-ref-288-2.html\" title=\"Exclusiva villa de dise\u00f1o en primera l\u00ednea de golf, ubicada en el coraz\u00f3n del Tri\u00e1ngulo del Golf de Marbella.\">\n\t\t\t\t\t\t\t\t\t\t\t<img decoding=\"async\" src=\"https:\/\/media.inmobalia.com\/imgV1\/B98Le8~d7M9k3DegpEFZhS0lI_F8U4XZVz~HWxt~mGgYekxX9nCAxh0ZipZlAjNxEM6s1ur~IyRusIw0GtmwP9f_NkgKV1x85LL_jA3mG~xWJDQNIzCf772lORedxuRC2y~VBwi8HrLJaJKwplND.png\" class=\"d-block w-100 skip-lazy\" alt=\"Exclusiva villa de dise\u00f1o en primera l\u00ednea de golf, ubicada en el coraz\u00f3n del Tri\u00e1ngulo del Golf de Marbella.\">\n\t\t\t\t\t\t\t\t\t\t<\/a>\n\t\t\t\t\t\t\t\t\t<\/div>\n\t\t\t\t\t\t\t\t\t\t\t\t\t\t\t\t\t<\/div>\n\t\t\t\t\t\t\t\t<button class=\"carousel-control-prev\" type=\"button\" data-bs-target=\"#relatedCarousel4\" data-bs-slide=\"prev\">\n\t\t\t\t\t\t\t\t\t<span class=\"visually-hidden\">Anterior<\/span>\n\t\t\t\t\t\t\t\t<\/button>\n\t\t\t\t\t\t\t\t<button class=\"carousel-control-next\" type=\"button\" data-bs-target=\"#relatedCarousel4\" data-bs-slide=\"next\">\n\t\t\t\t\t\t\t\t\t<span class=\"visually-hidden\">Siguiente<\/span>\n\t\t\t\t\t\t\t\t<\/button>\n\t\t\t\t\t\t\t<\/div>\n\t\t\t\t\t\t\t<div class=\"properties-carousel-item-inner p-4 pb-3 pt-3\">\n\t\t\t\t\t\t\t\t<h3 class=\"properties-carousel-title\">Exclusiva villa de dise\u00f1o en primera l\u00ednea de golf, ubicada en el coraz\u00f3n del Tri\u00e1ngulo del Golf de Marbella.<\/h3>\n\t\t\t\t\t\t\t<\/div>\n\t\t\t\t\t\t<\/div>\n\t\t\t\t\t\t<div class=\"properties-carousel-item-inner p-4 pt-0  align-self-end\">\n\t\t\t\t\t\t\t<div class=\"row align-items-end\">\n\t\t\t\t\t\t\t\t<div class=\"col-12 properties-carousel-feature pb-4\">\n\t\t\t\t\t\t\t\t\t<strong>4<\/strong> Dorm.  |  \n\t\t\t\t\t\t\t\t\t<strong>4<\/strong> Ba\u00f1os  |  \n\t\t\t\t\t\t\t\t\t<strong>529 m<sup>2<\/sup><\/strong> Construido  |  \n\t\t\t\t\t\t\t\t\t<strong>168 m<sup>2<\/sup><\/strong> Terraza\n\t\t\t\t\t\t\t\t\t  |  <strong>680 m<sup>2<\/sup><\/strong> Parcela\t\t\t\t\t\t\t\t<\/div>\n\t\t\t\t\t\t\t\t<div class=\"col-lg-auto me-auto properties-carousel-price align-self-center pb-4 pb-lg-0\">\n\t\t\t\t\t\t\t\t\tRef: 288-2  |  \n\t\t\t\t\t\t\t\t\t<strong>\n\t\t\t\t\t\t\t\t\t\t\t\t\t\t\t\t\t\t\t\t\tdesde \t\t\t\t\t\t\t\t\t\t\t2.550.000 \u20ac\n\t\t\t\t\t\t\t\t\t\t\t\t\t\t\t\t\t\t\t<\/strong>\n\t\t\t\t\t\t\t\t<\/div>\n\t\t\t\t\t\t\t\t<div class=\"col-auto property-item-favourite align-self-center pe-1 ms-auto ms-md-0 pt-3\">\n\t\t\t\t\t\t\t\t\t<div>\n\t\t\t\t\t\t\t\t\t\t\t\t\t\t\t\t\t\t\t\t\t<input type=\"checkbox\" id=\"property_288-2\" value=\"288-2\">\n\t\t\t\t\t\t\t\t\t\t\t<label for=\"property_288-2\" id=\"property_288-2\" data-action=\"add\" class=\"portfoliobutton\"><\/label>\n\t\t\t\t\t\t\t\t\t\t\t\t\t\t\t\t\t\t\t<\/div>\n\t\t\t\t\t\t\t\t<\/div>\n\t\t\t\t\t\t\t\t<div class=\"col-auto property-item-button ps-1 me-auto me-md-0 pt-3\">\n\t\t\t\t\t\t\t\t\t<a class=\"btn btn-listing\" href=\"villa-en-venta-en-el-campanario-estepona-ref-288-2.html\" title=\"Exclusiva villa de dise\u00f1o en primera l\u00ednea de golf, ubicada en el coraz\u00f3n del Tri\u00e1ngulo del Golf de Marbella.\">Descubra<\/a>\n\t\t\t\t\t\t\t\t<\/div>\n\t\t\t\t\t\t\t<\/div>\n\t\t\t\t\t\t<\/div>\n\t\t\t\t\t<\/div>\n\t\t\t\t<\/div>\n\t\t\n\t\t\t\t\t\t\t\t\t\t\n\t\t\n\t\t\t\t<div class=\"col-lg-6 properties-carousel-item d-flex flex-wrap\">\n\t\t\t\t\t<div class=\"property-item d-flex flex-wrap\">\n\t\t\t\t\t\t<div class=\"property-item-gallery align-self-start w-100\">\n\t\t\t\t\t\t\t<div id=\"relatedCarousel5\" class=\"carousel slide\" data-bs-touch=\"false\" data-bs-interval=\"false\"> <!-- el id de la galeria deber ser dinamico durante el loop -->\n\t\t\t\t\t\t\t\t<div class=\"carousel-inner\">\n\t\t\t\t\t\t\t\t\t<div class=\"carousel-item active\">\n\t\t\t\t\t\t\t\t\t\t<a href=\"apartamento-en-alquiler-en-guadalmina-baja-san-pedro-de-alcantara-ref-3104.html\" title=\"ALQUILER S\u00d3LO EL MES DE AGOSTO!! Primera l\u00ednea de playa en Guadalmina Baja\">\n\t\t\t\t\t\t\t\t\t\t\t<img decoding=\"async\" src=\"https:\/\/media.inmobalia.com\/imgV1\/B98Le8~d7M9k3DegpEFZhS0lI_F8U4XZVz~HWxt~mGgYekxX9nCAxh0ZipZlAjNxEM6s1ur~IyRusIw0GtmwP9f_NkgFU7YstvQbNcCOkEhxe1jnlFe4V4A30TP9kWlo3lehcjcZUbXIJ29K8IFp.png\" class=\"d-block w-100 skip-lazy\" alt=\"ALQUILER S\u00d3LO EL MES DE AGOSTO!! Primera l\u00ednea de playa en Guadalmina Baja\">\n\t\t\t\t\t\t\t\t\t\t<\/a>\n\t\t\t\t\t\t\t\t\t<\/div>\n\t\t\t\t\t\t\t\t\t\t\t\t\t\t\t\t\t\t<div class=\"carousel-item\">\n\t\t\t\t\t\t\t\t\t\t<a href=\"apartamento-en-alquiler-en-guadalmina-baja-san-pedro-de-alcantara-ref-3104.html\" title=\"ALQUILER S\u00d3LO EL MES DE AGOSTO!! Primera l\u00ednea de playa en Guadalmina Baja\">\n\t\t\t\t\t\t\t\t\t\t\t<img decoding=\"async\" src=\"https:\/\/media.inmobalia.com\/imgV1\/B98Le8~d7M9k3DegpEFZhS0lI_F8U4XZVz~HWxt~mGgYekxX9nCAxh0ZipZlAjNxEM6s1ur~IyRusIw0GtmwP9f_NkgFU7YtIbFY2aa_3rF2AHxOJvNFkOdjjjOZdq~YbwBoSMTuJefIQyDOwFbW.jpg\" class=\"d-block w-100 skip-lazy\" alt=\"ALQUILER S\u00d3LO EL MES DE AGOSTO!! Primera l\u00ednea de playa en Guadalmina Baja\">\n\t\t\t\t\t\t\t\t\t\t<\/a>\n\t\t\t\t\t\t\t\t\t<\/div>\n\t\t\t\t\t\t\t\t\t\t\t\t\t\t\t\t\t\t\t\t\t\t\t\t\t\t\t<div class=\"carousel-item\">\n\t\t\t\t\t\t\t\t\t\t<a href=\"apartamento-en-alquiler-en-guadalmina-baja-san-pedro-de-alcantara-ref-3104.html\" title=\"ALQUILER S\u00d3LO EL MES DE AGOSTO!! Primera l\u00ednea de playa en Guadalmina Baja\">\n\t\t\t\t\t\t\t\t\t\t\t<img decoding=\"async\" src=\"https:\/\/media.inmobalia.com\/imgV1\/B98Le8~d7M9k3DegpEFZhS0lI_F8U4XZVz~HWxt~mGgYekxX9nCAxh0ZipZlAjNxEM6s1ur~IyRusIw0GtmwP9f_NkgFU7YvbRXesWivZP0BTA2DP1C~qlmlse30hG6knvZchLU1mCu_r2P5WSWe.jpg\" class=\"d-block w-100 skip-lazy\" alt=\"ALQUILER S\u00d3LO EL MES DE AGOSTO!! Primera l\u00ednea de playa en Guadalmina Baja\">\n\t\t\t\t\t\t\t\t\t\t<\/a>\n\t\t\t\t\t\t\t\t\t<\/div>\n\t\t\t\t\t\t\t\t\t\t\t\t\t\t\t\t\t<\/div>\n\t\t\t\t\t\t\t\t<button class=\"carousel-control-prev\" type=\"button\" data-bs-target=\"#relatedCarousel5\" data-bs-slide=\"prev\">\n\t\t\t\t\t\t\t\t\t<span class=\"visually-hidden\">Anterior<\/span>\n\t\t\t\t\t\t\t\t<\/button>\n\t\t\t\t\t\t\t\t<button class=\"carousel-control-next\" type=\"button\" data-bs-target=\"#relatedCarousel5\" data-bs-slide=\"next\">\n\t\t\t\t\t\t\t\t\t<span class=\"visually-hidden\">Siguiente<\/span>\n\t\t\t\t\t\t\t\t<\/button>\n\t\t\t\t\t\t\t<\/div>\n\t\t\t\t\t\t\t<div class=\"properties-carousel-item-inner p-4 pb-3 pt-3\">\n\t\t\t\t\t\t\t\t<h3 class=\"properties-carousel-title\">ALQUILER S\u00d3LO EL MES DE AGOSTO!! Primera l\u00ednea de playa en Guadalmina Baja<\/h3>\n\t\t\t\t\t\t\t<\/div>\n\t\t\t\t\t\t<\/div>\n\t\t\t\t\t\t<div class=\"properties-carousel-item-inner p-4 pt-0  align-self-end\">\n\t\t\t\t\t\t\t<div class=\"row align-items-end\">\n\t\t\t\t\t\t\t\t<div class=\"col-12 properties-carousel-feature pb-4\">\n\t\t\t\t\t\t\t\t\t<strong>4<\/strong> Dorm.  |  \n\t\t\t\t\t\t\t\t\t<strong>4<\/strong> Ba\u00f1os  |  \n\t\t\t\t\t\t\t\t\t<strong>227 m<sup>2<\/sup><\/strong> Construido  |  \n\t\t\t\t\t\t\t\t\t<strong>30 m<sup>2<\/sup><\/strong> Terraza\n\t\t\t\t\t\t\t\t\t\t\t\t\t\t\t\t\t<\/div>\n\t\t\t\t\t\t\t\t<div class=\"col-lg-auto me-auto properties-carousel-price align-self-center pb-4 pb-lg-0\">\n\t\t\t\t\t\t\t\t\tRef: 3104  |  \n\t\t\t\t\t\t\t\t\t<strong>\n\t\t\t\t\t\t\t\t\t\t\t\t\t\t\t\t\t\t\t\t\tPrecio bajo demanda\n\t\t\t\t\t\t\t\t\t\t\t\t\t\t\t\t\t\t\t<\/strong>\n\t\t\t\t\t\t\t\t<\/div>\n\t\t\t\t\t\t\t\t<div class=\"col-auto property-item-favourite align-self-center pe-1 ms-auto ms-md-0 pt-3\">\n\t\t\t\t\t\t\t\t\t<div>\n\t\t\t\t\t\t\t\t\t\t\t\t\t\t\t\t\t\t\t\t\t<input type=\"checkbox\" id=\"property_3104\" value=\"3104\">\n\t\t\t\t\t\t\t\t\t\t\t<label for=\"property_3104\" id=\"property_3104\" data-action=\"add\" class=\"portfoliobutton\"><\/label>\n\t\t\t\t\t\t\t\t\t\t\t\t\t\t\t\t\t\t\t<\/div>\n\t\t\t\t\t\t\t\t<\/div>\n\t\t\t\t\t\t\t\t<div class=\"col-auto property-item-button ps-1 me-auto me-md-0 pt-3\">\n\t\t\t\t\t\t\t\t\t<a class=\"btn btn-listing\" href=\"apartamento-en-alquiler-en-guadalmina-baja-san-pedro-de-alcantara-ref-3104.html\" title=\"ALQUILER S\u00d3LO EL MES DE AGOSTO!! Primera l\u00ednea de playa en Guadalmina Baja\">Descubra<\/a>\n\t\t\t\t\t\t\t\t<\/div>\n\t\t\t\t\t\t\t<\/div>\n\t\t\t\t\t\t<\/div>\n\t\t\t\t\t<\/div>\n\t\t\t\t<\/div>\n\t\t\n\t\t\t\t\t\t\t\t\t\t\n\t\t\n\t\t\t\t<div class=\"col-lg-6 properties-carousel-item d-flex flex-wrap\">\n\t\t\t\t\t<div class=\"property-item d-flex flex-wrap\">\n\t\t\t\t\t\t<div class=\"property-item-gallery align-self-start w-100\">\n\t\t\t\t\t\t\t<div id=\"relatedCarousel6\" class=\"carousel slide\" data-bs-touch=\"false\" data-bs-interval=\"false\"> <!-- el id de la galeria deber ser dinamico durante el loop -->\n\t\t\t\t\t\t\t\t<div class=\"carousel-inner\">\n\t\t\t\t\t\t\t\t\t<div class=\"carousel-item active\">\n\t\t\t\t\t\t\t\t\t\t<a href=\"adosada-en-venta-en-la-heredia-benahavis-ref-AD225.html\" title=\"Acogedora casa adosada de 3 dormitorios ubicada en el coraz\u00f3n de La Heredia, un pintoresco pueblo en la cima de una colina reconocido por su seguridad y el alma andaluza que perdura en el tiempo.\">\n\t\t\t\t\t\t\t\t\t\t\t<img decoding=\"async\" src=\"https:\/\/media.inmobalia.com\/imgV1\/B98Le8~d7M9k3DegpEFZhS0lI_F8U4XZVz~HWxt~mGgYekxX9nCAxh0ZipZlAjNxEM6s1ur~IyRusIw0GtmwP9f_NkgEG5JUN3Pa0mh_FkiEt15N1xA~Z8VNT7pd302Jq0IVIqqCqDaL6vx13iz0.jpg\" class=\"d-block w-100 skip-lazy\" alt=\"Acogedora casa adosada de 3 dormitorios ubicada en el coraz\u00f3n de La Heredia, un pintoresco pueblo en la cima de una colina reconocido por su seguridad y el alma andaluza que perdura en el tiempo.\">\n\t\t\t\t\t\t\t\t\t\t<\/a>\n\t\t\t\t\t\t\t\t\t<\/div>\n\t\t\t\t\t\t\t\t\t\t\t\t\t\t\t\t\t\t<div class=\"carousel-item\">\n\t\t\t\t\t\t\t\t\t\t<a href=\"adosada-en-venta-en-la-heredia-benahavis-ref-AD225.html\" title=\"Acogedora casa adosada de 3 dormitorios ubicada en el coraz\u00f3n de La Heredia, un pintoresco pueblo en la cima de una colina reconocido por su seguridad y el alma andaluza que perdura en el tiempo.\">\n\t\t\t\t\t\t\t\t\t\t\t<img decoding=\"async\" src=\"https:\/\/media.inmobalia.com\/imgV1\/B98Le8~d7M9k3DegpEFZhS0lI_F8U4XZVz~HWxt~mGgYekxX9nCAxh0ZipZlAjNxEM6s1ur~IyRusIw0GtmwP9f_NkgEG5IJjGVKTlXKHigJDVy4w7aPlns3HDjpZAlWlN2UYVqf9eDRSgBgu46Y.jpg\" class=\"d-block w-100 skip-lazy\" alt=\"Acogedora casa adosada de 3 dormitorios ubicada en el coraz\u00f3n de La Heredia, un pintoresco pueblo en la cima de una colina reconocido por su seguridad y el alma andaluza que perdura en el tiempo.\">\n\t\t\t\t\t\t\t\t\t\t<\/a>\n\t\t\t\t\t\t\t\t\t<\/div>\n\t\t\t\t\t\t\t\t\t\t\t\t\t\t\t\t\t\t\t\t\t\t\t\t\t\t\t<div class=\"carousel-item\">\n\t\t\t\t\t\t\t\t\t\t<a href=\"adosada-en-venta-en-la-heredia-benahavis-ref-AD225.html\" title=\"Acogedora casa adosada de 3 dormitorios ubicada en el coraz\u00f3n de La Heredia, un pintoresco pueblo en la cima de una colina reconocido por su seguridad y el alma andaluza que perdura en el tiempo.\">\n\t\t\t\t\t\t\t\t\t\t\t<img decoding=\"async\" src=\"https:\/\/media.inmobalia.com\/imgV1\/B98Le8~d7M9k3DegpEFZhS0lI_F8U4XZVz~HWxt~mGgYekxX9nCAxh0ZipZlAjNxEM6s1ur~IyRusIw0GtmwP9f_NkgEG5JUZSzCCRoZ2bdlftj7M8ZVAg8Xb5P2MaAQFwDTd9GMCQJmsjpeL3xU.jpg\" class=\"d-block w-100 skip-lazy\" alt=\"Acogedora casa adosada de 3 dormitorios ubicada en el coraz\u00f3n de La Heredia, un pintoresco pueblo en la cima de una colina reconocido por su seguridad y el alma andaluza que perdura en el tiempo.\">\n\t\t\t\t\t\t\t\t\t\t<\/a>\n\t\t\t\t\t\t\t\t\t<\/div>\n\t\t\t\t\t\t\t\t\t\t\t\t\t\t\t\t\t<\/div>\n\t\t\t\t\t\t\t\t<button class=\"carousel-control-prev\" type=\"button\" data-bs-target=\"#relatedCarousel6\" data-bs-slide=\"prev\">\n\t\t\t\t\t\t\t\t\t<span class=\"visually-hidden\">Anterior<\/span>\n\t\t\t\t\t\t\t\t<\/button>\n\t\t\t\t\t\t\t\t<button class=\"carousel-control-next\" type=\"button\" data-bs-target=\"#relatedCarousel6\" data-bs-slide=\"next\">\n\t\t\t\t\t\t\t\t\t<span class=\"visually-hidden\">Siguiente<\/span>\n\t\t\t\t\t\t\t\t<\/button>\n\t\t\t\t\t\t\t<\/div>\n\t\t\t\t\t\t\t<div class=\"properties-carousel-item-inner p-4 pb-3 pt-3\">\n\t\t\t\t\t\t\t\t<h3 class=\"properties-carousel-title\">Acogedora casa adosada de 3 dormitorios ubicada en el coraz\u00f3n de La Heredia, un pintoresco pueblo en la cima de una colina reconocido por su seguridad y el alma andaluza que perdura en el tiempo.<\/h3>\n\t\t\t\t\t\t\t<\/div>\n\t\t\t\t\t\t<\/div>\n\t\t\t\t\t\t<div class=\"properties-carousel-item-inner p-4 pt-0  align-self-end\">\n\t\t\t\t\t\t\t<div class=\"row align-items-end\">\n\t\t\t\t\t\t\t\t<div class=\"col-12 properties-carousel-feature pb-4\">\n\t\t\t\t\t\t\t\t\t<strong>3<\/strong> Dorm.  |  \n\t\t\t\t\t\t\t\t\t<strong>3<\/strong> Ba\u00f1os  |  \n\t\t\t\t\t\t\t\t\t<strong>187 m<sup>2<\/sup><\/strong> Construido  |  \n\t\t\t\t\t\t\t\t\t<strong>27 m<sup>2<\/sup><\/strong> Terraza\n\t\t\t\t\t\t\t\t\t\t\t\t\t\t\t\t\t<\/div>\n\t\t\t\t\t\t\t\t<div class=\"col-lg-auto me-auto properties-carousel-price align-self-center pb-4 pb-lg-0\">\n\t\t\t\t\t\t\t\t\tRef: AD225  |  \n\t\t\t\t\t\t\t\t\t<strong>\n\t\t\t\t\t\t\t\t\t\t\t\t\t\t\t\t\t\t\t\t\t\t\t\t\t\t\t\t\t\t\t\t750.000 \u20ac\n\t\t\t\t\t\t\t\t\t\t\t\t\t\t\t\t\t\t\t<\/strong>\n\t\t\t\t\t\t\t\t<\/div>\n\t\t\t\t\t\t\t\t<div class=\"col-auto property-item-favourite align-self-center pe-1 ms-auto ms-md-0 pt-3\">\n\t\t\t\t\t\t\t\t\t<div>\n\t\t\t\t\t\t\t\t\t\t\t\t\t\t\t\t\t\t\t\t\t<input type=\"checkbox\" id=\"property_AD225\" value=\"AD225\">\n\t\t\t\t\t\t\t\t\t\t\t<label for=\"property_AD225\" id=\"property_AD225\" data-action=\"add\" class=\"portfoliobutton\"><\/label>\n\t\t\t\t\t\t\t\t\t\t\t\t\t\t\t\t\t\t\t<\/div>\n\t\t\t\t\t\t\t\t<\/div>\n\t\t\t\t\t\t\t\t<div class=\"col-auto property-item-button ps-1 me-auto me-md-0 pt-3\">\n\t\t\t\t\t\t\t\t\t<a class=\"btn btn-listing\" href=\"adosada-en-venta-en-la-heredia-benahavis-ref-AD225.html\" title=\"Acogedora casa adosada de 3 dormitorios ubicada en el coraz\u00f3n de La Heredia, un pintoresco pueblo en la cima de una colina reconocido por su seguridad y el alma andaluza que perdura en el tiempo.\">Descubra<\/a>\n\t\t\t\t\t\t\t\t<\/div>\n\t\t\t\t\t\t\t<\/div>\n\t\t\t\t\t\t<\/div>\n\t\t\t\t\t<\/div>\n\t\t\t\t<\/div>\n\t\t\n\t\t\t\t\t\t\t\t\t\t\n\t\t\n\t\t\t\t<div class=\"col-lg-6 properties-carousel-item d-flex flex-wrap\">\n\t\t\t\t\t<div class=\"property-item d-flex flex-wrap\">\n\t\t\t\t\t\t<div class=\"property-item-gallery align-self-start w-100\">\n\t\t\t\t\t\t\t<div id=\"relatedCarousel7\" class=\"carousel slide\" data-bs-touch=\"false\" data-bs-interval=\"false\"> <!-- el id de la galeria deber ser dinamico durante el loop -->\n\t\t\t\t\t\t\t\t<div class=\"carousel-inner\">\n\t\t\t\t\t\t\t\t\t<div class=\"carousel-item active\">\n\t\t\t\t\t\t\t\t\t\t<a href=\"apartamento-en-venta-en-guadalmina-baja-san-pedro-de-alcantara-ref-2272.html\" title=\"Apartamento completamente reformado en  Guadalmina Baja con vistas panor\u00e1micas al mar\">\n\t\t\t\t\t\t\t\t\t\t\t<img decoding=\"async\" src=\"https:\/\/media.inmobalia.com\/imgV1\/B98Le8~d7M9k3DegpEFZhS0lI_F8U4XZVz~HWxt~mGgYekxX9nCAxh0ZipZlAjNxEM6s1ur~IyRusIw0GtmwP9f_NkgHpR7ASqZtusdEnd4bZWcCVdA7PPIBhX71o29Y~_j8jvjRR0GtZHRNfnn8.png\" class=\"d-block w-100 skip-lazy\" alt=\"Apartamento completamente reformado en  Guadalmina Baja con vistas panor\u00e1micas al mar\">\n\t\t\t\t\t\t\t\t\t\t<\/a>\n\t\t\t\t\t\t\t\t\t<\/div>\n\t\t\t\t\t\t\t\t\t\t\t\t\t\t\t\t\t\t<div class=\"carousel-item\">\n\t\t\t\t\t\t\t\t\t\t<a href=\"apartamento-en-venta-en-guadalmina-baja-san-pedro-de-alcantara-ref-2272.html\" title=\"Apartamento completamente reformado en  Guadalmina Baja con vistas panor\u00e1micas al mar\">\n\t\t\t\t\t\t\t\t\t\t\t<img decoding=\"async\" src=\"https:\/\/media.inmobalia.com\/imgV1\/B98Le8~d7M9k3DegpEFZhS0lI_F8U4XZVz~HWxt~mGgYekxX9nCAxh0ZipZlAjNxEM6s1ur~IyRusIw0GtmwP9f_NkgHpR7HtjjFcge91M_2k6xYu4~WJzGvuPc4cMUkA2IJ_uEIG7vTAYkXgkVE.png\" class=\"d-block w-100 skip-lazy\" alt=\"Apartamento completamente reformado en  Guadalmina Baja con vistas panor\u00e1micas al mar\">\n\t\t\t\t\t\t\t\t\t\t<\/a>\n\t\t\t\t\t\t\t\t\t<\/div>\n\t\t\t\t\t\t\t\t\t\t\t\t\t\t\t\t\t\t\t\t\t\t\t\t\t\t\t<div class=\"carousel-item\">\n\t\t\t\t\t\t\t\t\t\t<a href=\"apartamento-en-venta-en-guadalmina-baja-san-pedro-de-alcantara-ref-2272.html\" title=\"Apartamento completamente reformado en  Guadalmina Baja con vistas panor\u00e1micas al mar\">\n\t\t\t\t\t\t\t\t\t\t\t<img decoding=\"async\" src=\"https:\/\/media.inmobalia.com\/imgV1\/B98Le8~d7M9k3DegpEFZhS0lI_F8U4XZVz~HWxt~mGgYekxX9nCAxh0ZipZlAjNxEM6s1ur~IyRusIw0GtmwP9f_NkgHpR6W7a8swagmU0v~Ej~LyO4WQX0dkisVpsKlFCswbYPagm2vMV9eLN3f.png\" class=\"d-block w-100 skip-lazy\" alt=\"Apartamento completamente reformado en  Guadalmina Baja con vistas panor\u00e1micas al mar\">\n\t\t\t\t\t\t\t\t\t\t<\/a>\n\t\t\t\t\t\t\t\t\t<\/div>\n\t\t\t\t\t\t\t\t\t\t\t\t\t\t\t\t\t<\/div>\n\t\t\t\t\t\t\t\t<button class=\"carousel-control-prev\" type=\"button\" data-bs-target=\"#relatedCarousel7\" data-bs-slide=\"prev\">\n\t\t\t\t\t\t\t\t\t<span class=\"visually-hidden\">Anterior<\/span>\n\t\t\t\t\t\t\t\t<\/button>\n\t\t\t\t\t\t\t\t<button class=\"carousel-control-next\" type=\"button\" data-bs-target=\"#relatedCarousel7\" data-bs-slide=\"next\">\n\t\t\t\t\t\t\t\t\t<span class=\"visually-hidden\">Siguiente<\/span>\n\t\t\t\t\t\t\t\t<\/button>\n\t\t\t\t\t\t\t<\/div>\n\t\t\t\t\t\t\t<div class=\"properties-carousel-item-inner p-4 pb-3 pt-3\">\n\t\t\t\t\t\t\t\t<h3 class=\"properties-carousel-title\">Apartamento completamente reformado en  Guadalmina Baja con vistas panor\u00e1micas al mar<\/h3>\n\t\t\t\t\t\t\t<\/div>\n\t\t\t\t\t\t<\/div>\n\t\t\t\t\t\t<div class=\"properties-carousel-item-inner p-4 pt-0  align-self-end\">\n\t\t\t\t\t\t\t<div class=\"row align-items-end\">\n\t\t\t\t\t\t\t\t<div class=\"col-12 properties-carousel-feature pb-4\">\n\t\t\t\t\t\t\t\t\t<strong>3<\/strong> Dorm.  |  \n\t\t\t\t\t\t\t\t\t<strong>3<\/strong> Ba\u00f1os  |  \n\t\t\t\t\t\t\t\t\t<strong>147 m<sup>2<\/sup><\/strong> Construido  |  \n\t\t\t\t\t\t\t\t\t<strong>20 m<sup>2<\/sup><\/strong> Terraza\n\t\t\t\t\t\t\t\t\t\t\t\t\t\t\t\t\t<\/div>\n\t\t\t\t\t\t\t\t<div class=\"col-lg-auto me-auto properties-carousel-price align-self-center pb-4 pb-lg-0\">\n\t\t\t\t\t\t\t\t\tRef: 2272  |  \n\t\t\t\t\t\t\t\t\t<strong>\n\t\t\t\t\t\t\t\t\t\t\t\t\t\t\t\t\t\t\t\t\t\t\t\t\t\t\t\t\t\t\t\t1.495.000 \u20ac\n\t\t\t\t\t\t\t\t\t\t\t\t\t\t\t\t\t\t\t<\/strong>\n\t\t\t\t\t\t\t\t<\/div>\n\t\t\t\t\t\t\t\t<div class=\"col-auto property-item-favourite align-self-center pe-1 ms-auto ms-md-0 pt-3\">\n\t\t\t\t\t\t\t\t\t<div>\n\t\t\t\t\t\t\t\t\t\t\t\t\t\t\t\t\t\t\t\t\t<input type=\"checkbox\" id=\"property_2272\" value=\"2272\">\n\t\t\t\t\t\t\t\t\t\t\t<label for=\"property_2272\" id=\"property_2272\" data-action=\"add\" class=\"portfoliobutton\"><\/label>\n\t\t\t\t\t\t\t\t\t\t\t\t\t\t\t\t\t\t\t<\/div>\n\t\t\t\t\t\t\t\t<\/div>\n\t\t\t\t\t\t\t\t<div class=\"col-auto property-item-button ps-1 me-auto me-md-0 pt-3\">\n\t\t\t\t\t\t\t\t\t<a class=\"btn btn-listing\" href=\"apartamento-en-venta-en-guadalmina-baja-san-pedro-de-alcantara-ref-2272.html\" title=\"Apartamento completamente reformado en  Guadalmina Baja con vistas panor\u00e1micas al mar\">Descubra<\/a>\n\t\t\t\t\t\t\t\t<\/div>\n\t\t\t\t\t\t\t<\/div>\n\t\t\t\t\t\t<\/div>\n\t\t\t\t\t<\/div>\n\t\t\t\t<\/div>\n\t\t\n\t\t\t\t\t\t\t\t\t\t\n\t\t\n\t\t\t\t<div class=\"col-lg-6 properties-carousel-item d-flex flex-wrap\">\n\t\t\t\t\t<div class=\"property-item d-flex flex-wrap\">\n\t\t\t\t\t\t<div class=\"property-item-gallery align-self-start w-100\">\n\t\t\t\t\t\t\t<div id=\"relatedCarousel8\" class=\"carousel slide\" data-bs-touch=\"false\" data-bs-interval=\"false\"> <!-- el id de la galeria deber ser dinamico durante el loop -->\n\t\t\t\t\t\t\t\t<div class=\"carousel-inner\">\n\t\t\t\t\t\t\t\t\t<div class=\"carousel-item active\">\n\t\t\t\t\t\t\t\t\t\t<a href=\"atico-en-venta-en-guadalmina-alta-san-pedro-de-alcantara-ref-2274.html\" title=\"Espacioso \u00c1tico D\u00faplex  situado junto al golf y todo tipo de servicios en Guadalmina Alta\">\n\t\t\t\t\t\t\t\t\t\t\t<img decoding=\"async\" src=\"https:\/\/media.inmobalia.com\/imgV1\/B98Le8~d7M9k3DegpEFZhS0lI_F8U4XZVz~HWxt~mGgYekxX9nCAxh0ZipZlAjNxEM6s1ur~IyRusIw0GtmwP9f_NkgGkr2jsTxu6sN3blYNSBa0HxP5OfQFzRcU05TwSUq4ILRMONEwXdfy6CC2.jpg\" class=\"d-block w-100 skip-lazy\" alt=\"Espacioso \u00c1tico D\u00faplex  situado junto al golf y todo tipo de servicios en Guadalmina Alta\">\n\t\t\t\t\t\t\t\t\t\t<\/a>\n\t\t\t\t\t\t\t\t\t<\/div>\n\t\t\t\t\t\t\t\t\t\t\t\t\t\t\t\t\t\t<div class=\"carousel-item\">\n\t\t\t\t\t\t\t\t\t\t<a href=\"atico-en-venta-en-guadalmina-alta-san-pedro-de-alcantara-ref-2274.html\" title=\"Espacioso \u00c1tico D\u00faplex  situado junto al golf y todo tipo de servicios en Guadalmina Alta\">\n\t\t\t\t\t\t\t\t\t\t\t<img decoding=\"async\" src=\"https:\/\/media.inmobalia.com\/imgV1\/B98Le8~d7M9k3DegpEFZhS0lI_F8U4XZVz~HWxt~mGgYekxX9nCAxh0ZipZlAjNxEM6s1ur~IyRusIw0GtmwP9f_NkgGkr2k66xIYlvEXCuiSSoYoJySv8Dvweq37N~VgvuEyln2oANvhKPhyW9G.jpg\" class=\"d-block w-100 skip-lazy\" alt=\"Espacioso \u00c1tico D\u00faplex  situado junto al golf y todo tipo de servicios en Guadalmina Alta\">\n\t\t\t\t\t\t\t\t\t\t<\/a>\n\t\t\t\t\t\t\t\t\t<\/div>\n\t\t\t\t\t\t\t\t\t\t\t\t\t\t\t\t\t\t\t\t\t\t\t\t\t\t\t<div class=\"carousel-item\">\n\t\t\t\t\t\t\t\t\t\t<a href=\"atico-en-venta-en-guadalmina-alta-san-pedro-de-alcantara-ref-2274.html\" title=\"Espacioso \u00c1tico D\u00faplex  situado junto al golf y todo tipo de servicios en Guadalmina Alta\">\n\t\t\t\t\t\t\t\t\t\t\t<img decoding=\"async\" src=\"https:\/\/media.inmobalia.com\/imgV1\/B98Le8~d7M9k3DegpEFZhS0lI_F8U4XZVz~HWxt~mGgYekxX9nCAxh0ZipZlAjNxEM6s1ur~IyRusIw0GtmwP9f_NkgGkr33f~nuLpjczEU7VMcy8wLsSJbiT0YgvmVkBjsvMdMnOd8ZNA22D_53.jpg\" class=\"d-block w-100 skip-lazy\" alt=\"Espacioso \u00c1tico D\u00faplex  situado junto al golf y todo tipo de servicios en Guadalmina Alta\">\n\t\t\t\t\t\t\t\t\t\t<\/a>\n\t\t\t\t\t\t\t\t\t<\/div>\n\t\t\t\t\t\t\t\t\t\t\t\t\t\t\t\t\t<\/div>\n\t\t\t\t\t\t\t\t<button class=\"carousel-control-prev\" type=\"button\" data-bs-target=\"#relatedCarousel8\" data-bs-slide=\"prev\">\n\t\t\t\t\t\t\t\t\t<span class=\"visually-hidden\">Anterior<\/span>\n\t\t\t\t\t\t\t\t<\/button>\n\t\t\t\t\t\t\t\t<button class=\"carousel-control-next\" type=\"button\" data-bs-target=\"#relatedCarousel8\" data-bs-slide=\"next\">\n\t\t\t\t\t\t\t\t\t<span class=\"visually-hidden\">Siguiente<\/span>\n\t\t\t\t\t\t\t\t<\/button>\n\t\t\t\t\t\t\t<\/div>\n\t\t\t\t\t\t\t<div class=\"properties-carousel-item-inner p-4 pb-3 pt-3\">\n\t\t\t\t\t\t\t\t<h3 class=\"properties-carousel-title\">Espacioso \u00c1tico D\u00faplex  situado junto al golf y todo tipo de servicios en Guadalmina Alta<\/h3>\n\t\t\t\t\t\t\t<\/div>\n\t\t\t\t\t\t<\/div>\n\t\t\t\t\t\t<div class=\"properties-carousel-item-inner p-4 pt-0  align-self-end\">\n\t\t\t\t\t\t\t<div class=\"row align-items-end\">\n\t\t\t\t\t\t\t\t<div class=\"col-12 properties-carousel-feature pb-4\">\n\t\t\t\t\t\t\t\t\t<strong>3<\/strong> Dorm.  |  \n\t\t\t\t\t\t\t\t\t<strong>2<\/strong> Ba\u00f1os  |  \n\t\t\t\t\t\t\t\t\t<strong>219 m<sup>2<\/sup><\/strong> Construido  |  \n\t\t\t\t\t\t\t\t\t<strong>60 m<sup>2<\/sup><\/strong> Terraza\n\t\t\t\t\t\t\t\t\t\t\t\t\t\t\t\t\t<\/div>\n\t\t\t\t\t\t\t\t<div class=\"col-lg-auto me-auto properties-carousel-price align-self-center pb-4 pb-lg-0\">\n\t\t\t\t\t\t\t\t\tRef: 2274  |  \n\t\t\t\t\t\t\t\t\t<strong>\n\t\t\t\t\t\t\t\t\t\t\t\t\t\t\t\t\t\t\t\t\t\t\t\t\t\t\t\t\t\t\t\t499.000 \u20ac\n\t\t\t\t\t\t\t\t\t\t\t\t\t\t\t\t\t\t\t<\/strong>\n\t\t\t\t\t\t\t\t<\/div>\n\t\t\t\t\t\t\t\t<div class=\"col-auto property-item-favourite align-self-center pe-1 ms-auto ms-md-0 pt-3\">\n\t\t\t\t\t\t\t\t\t<div>\n\t\t\t\t\t\t\t\t\t\t\t\t\t\t\t\t\t\t\t\t\t<input type=\"checkbox\" id=\"property_2274\" value=\"2274\">\n\t\t\t\t\t\t\t\t\t\t\t<label for=\"property_2274\" id=\"property_2274\" data-action=\"add\" class=\"portfoliobutton\"><\/label>\n\t\t\t\t\t\t\t\t\t\t\t\t\t\t\t\t\t\t\t<\/div>\n\t\t\t\t\t\t\t\t<\/div>\n\t\t\t\t\t\t\t\t<div class=\"col-auto property-item-button ps-1 me-auto me-md-0 pt-3\">\n\t\t\t\t\t\t\t\t\t<a class=\"btn btn-listing\" href=\"atico-en-venta-en-guadalmina-alta-san-pedro-de-alcantara-ref-2274.html\" title=\"Espacioso \u00c1tico D\u00faplex  situado junto al golf y todo tipo de servicios en Guadalmina Alta\">Descubra<\/a>\n\t\t\t\t\t\t\t\t<\/div>\n\t\t\t\t\t\t\t<\/div>\n\t\t\t\t\t\t<\/div>\n\t\t\t\t\t<\/div>\n\t\t\t\t<\/div>\n\t\t\n\t\t\t\t\t\t\t\t\t\t\n\t\t\n\t\t\t\t<div class=\"col-lg-6 properties-carousel-item d-flex flex-wrap\">\n\t\t\t\t\t<div class=\"property-item d-flex flex-wrap\">\n\t\t\t\t\t\t<div class=\"property-item-gallery align-self-start w-100\">\n\t\t\t\t\t\t\t<div id=\"relatedCarousel9\" class=\"carousel slide\" data-bs-touch=\"false\" data-bs-interval=\"false\"> <!-- el id de la galeria deber ser dinamico durante el loop -->\n\t\t\t\t\t\t\t\t<div class=\"carousel-inner\">\n\t\t\t\t\t\t\t\t\t<div class=\"carousel-item active\">\n\t\t\t\t\t\t\t\t\t\t<a href=\"atico-en-venta-en-bahia-del-velerin-estepona-ref-2169.html\" title=\"\u00c1tico de lujo con sol\u00e1rium ubicado en una prestigiosa urbanizaci\u00f3n en primera l\u00ednea de playa - Estepona\">\n\t\t\t\t\t\t\t\t\t\t\t<img decoding=\"async\" src=\"https:\/\/media.inmobalia.com\/imgV1\/B98Le8~d7M9k3DegpEFZhS0lI_F8U4XZVz~HWxt~mGgYekxX9nCAxh0ZipZlAjNxEM6s1ur~IyRusIw0GtmwP9f_NkgAORyQ~HtnPGcCX3qbnftxarAeT0jz~tJJaPrYY0yPlrnX803EulqbrOL0.jpg\" class=\"d-block w-100 skip-lazy\" alt=\"\u00c1tico de lujo con sol\u00e1rium ubicado en una prestigiosa urbanizaci\u00f3n en primera l\u00ednea de playa - Estepona\">\n\t\t\t\t\t\t\t\t\t\t<\/a>\n\t\t\t\t\t\t\t\t\t<\/div>\n\t\t\t\t\t\t\t\t\t\t\t\t\t\t\t\t\t\t<div class=\"carousel-item\">\n\t\t\t\t\t\t\t\t\t\t<a href=\"atico-en-venta-en-bahia-del-velerin-estepona-ref-2169.html\" title=\"\u00c1tico de lujo con sol\u00e1rium ubicado en una prestigiosa urbanizaci\u00f3n en primera l\u00ednea de playa - Estepona\">\n\t\t\t\t\t\t\t\t\t\t\t<img decoding=\"async\" src=\"https:\/\/media.inmobalia.com\/imgV1\/B98Le8~d7M9k3DegpEFZhS0lI_F8U4XZVz~HWxt~mGgYekxX9nCAxh0ZipZlAjNxEM6s1ur~IyRusIw0GtmwP9f_NkgAORzFOejVTjnQ7VOIfZxQUHz~cQO2fbW7C7GKbXcJC7ngcilSu4b5clgg.jpg\" class=\"d-block w-100 skip-lazy\" alt=\"\u00c1tico de lujo con sol\u00e1rium ubicado en una prestigiosa urbanizaci\u00f3n en primera l\u00ednea de playa - Estepona\">\n\t\t\t\t\t\t\t\t\t\t<\/a>\n\t\t\t\t\t\t\t\t\t<\/div>\n\t\t\t\t\t\t\t\t\t\t\t\t\t\t\t\t\t\t\t\t\t\t\t\t\t\t\t<div class=\"carousel-item\">\n\t\t\t\t\t\t\t\t\t\t<a href=\"atico-en-venta-en-bahia-del-velerin-estepona-ref-2169.html\" title=\"\u00c1tico de lujo con sol\u00e1rium ubicado en una prestigiosa urbanizaci\u00f3n en primera l\u00ednea de playa - Estepona\">\n\t\t\t\t\t\t\t\t\t\t\t<img decoding=\"async\" src=\"https:\/\/media.inmobalia.com\/imgV1\/B98Le8~d7M9k3DegpEFZhS0lI_F8U4XZVz~HWxt~mGgYekxX9nCAxh0ZipZlAjNxEM6s1ur~IyRusIw0GtmwP9f_NkgAORyRUISeHrBcVh~qsnJvjGUQbmR_vHYamenFKgont8zd0AbW9_2B3pe_.jpg\" class=\"d-block w-100 skip-lazy\" alt=\"\u00c1tico de lujo con sol\u00e1rium ubicado en una prestigiosa urbanizaci\u00f3n en primera l\u00ednea de playa - Estepona\">\n\t\t\t\t\t\t\t\t\t\t<\/a>\n\t\t\t\t\t\t\t\t\t<\/div>\n\t\t\t\t\t\t\t\t\t\t\t\t\t\t\t\t\t<\/div>\n\t\t\t\t\t\t\t\t<button class=\"carousel-control-prev\" type=\"button\" data-bs-target=\"#relatedCarousel9\" data-bs-slide=\"prev\">\n\t\t\t\t\t\t\t\t\t<span class=\"visually-hidden\">Anterior<\/span>\n\t\t\t\t\t\t\t\t<\/button>\n\t\t\t\t\t\t\t\t<button class=\"carousel-control-next\" type=\"button\" data-bs-target=\"#relatedCarousel9\" data-bs-slide=\"next\">\n\t\t\t\t\t\t\t\t\t<span class=\"visually-hidden\">Siguiente<\/span>\n\t\t\t\t\t\t\t\t<\/button>\n\t\t\t\t\t\t\t<\/div>\n\t\t\t\t\t\t\t<div class=\"properties-carousel-item-inner p-4 pb-3 pt-3\">\n\t\t\t\t\t\t\t\t<h3 class=\"properties-carousel-title\">\u00c1tico de lujo con sol\u00e1rium ubicado en una prestigiosa urbanizaci\u00f3n en primera l\u00ednea de playa - Estepona<\/h3>\n\t\t\t\t\t\t\t<\/div>\n\t\t\t\t\t\t<\/div>\n\t\t\t\t\t\t<div class=\"properties-carousel-item-inner p-4 pt-0  align-self-end\">\n\t\t\t\t\t\t\t<div class=\"row align-items-end\">\n\t\t\t\t\t\t\t\t<div class=\"col-12 properties-carousel-feature pb-4\">\n\t\t\t\t\t\t\t\t\t<strong>3<\/strong> Dorm.  |  \n\t\t\t\t\t\t\t\t\t<strong>3<\/strong> Ba\u00f1os  |  \n\t\t\t\t\t\t\t\t\t<strong>357 m<sup>2<\/sup><\/strong> Construido  |  \n\t\t\t\t\t\t\t\t\t<strong>203 m<sup>2<\/sup><\/strong> Terraza\n\t\t\t\t\t\t\t\t\t\t\t\t\t\t\t\t\t<\/div>\n\t\t\t\t\t\t\t\t<div class=\"col-lg-auto me-auto properties-carousel-price align-self-center pb-4 pb-lg-0\">\n\t\t\t\t\t\t\t\t\tRef: 2169  |  \n\t\t\t\t\t\t\t\t\t<strong>\n\t\t\t\t\t\t\t\t\t\t\t\t\t\t\t\t\t\t\t\t\t\t\t\t\t\t\t\t\t\t\t\t2.995.000 \u20ac\n\t\t\t\t\t\t\t\t\t\t\t\t\t\t\t\t\t\t\t<\/strong>\n\t\t\t\t\t\t\t\t<\/div>\n\t\t\t\t\t\t\t\t<div class=\"col-auto property-item-favourite align-self-center pe-1 ms-auto ms-md-0 pt-3\">\n\t\t\t\t\t\t\t\t\t<div>\n\t\t\t\t\t\t\t\t\t\t\t\t\t\t\t\t\t\t\t\t\t<input type=\"checkbox\" id=\"property_2169\" value=\"2169\">\n\t\t\t\t\t\t\t\t\t\t\t<label for=\"property_2169\" id=\"property_2169\" data-action=\"add\" class=\"portfoliobutton\"><\/label>\n\t\t\t\t\t\t\t\t\t\t\t\t\t\t\t\t\t\t\t<\/div>\n\t\t\t\t\t\t\t\t<\/div>\n\t\t\t\t\t\t\t\t<div class=\"col-auto property-item-button ps-1 me-auto me-md-0 pt-3\">\n\t\t\t\t\t\t\t\t\t<a class=\"btn btn-listing\" href=\"atico-en-venta-en-bahia-del-velerin-estepona-ref-2169.html\" title=\"\u00c1tico de lujo con sol\u00e1rium ubicado en una prestigiosa urbanizaci\u00f3n en primera l\u00ednea de playa - Estepona\">Descubra<\/a>\n\t\t\t\t\t\t\t\t<\/div>\n\t\t\t\t\t\t\t<\/div>\n\t\t\t\t\t\t<\/div>\n\t\t\t\t\t<\/div>\n\t\t\t\t<\/div>\n\t\t\n\t\t\t\t\t\t\t\t\t\t\n\t\t\n\t\t\t\t<div class=\"col-lg-6 properties-carousel-item d-flex flex-wrap\">\n\t\t\t\t\t<div class=\"property-item d-flex flex-wrap\">\n\t\t\t\t\t\t<div class=\"property-item-gallery align-self-start w-100\">\n\t\t\t\t\t\t\t<div id=\"relatedCarousel10\" class=\"carousel slide\" data-bs-touch=\"false\" data-bs-interval=\"false\"> <!-- el id de la galeria deber ser dinamico durante el loop -->\n\t\t\t\t\t\t\t\t<div class=\"carousel-inner\">\n\t\t\t\t\t\t\t\t\t<div class=\"carousel-item active\">\n\t\t\t\t\t\t\t\t\t\t<a href=\"villa-en-venta-en-el-paraiso-estepona-ref-151.html\" title=\"Espectacular villa  de estilo contempor\u00e1neo totalmente nueva con acabados excepcionales y vistas panor\u00e1micas\">\n\t\t\t\t\t\t\t\t\t\t\t<img decoding=\"async\" src=\"https:\/\/media.inmobalia.com\/imgV1\/B98Le8~d7M9k3DegpEFZhS0lI_F8U4XZVz~HWxt~mGgYekxX9nCAxh0ZipZlAjNxEM6s1ur~IyRusIw0GtmwP9f_NkgDghY9lfWQTXtU7R06Eli9_7zL5aYA4wHAKswBtnz3rsk4ubyghLt1N4uy.jpg\" class=\"d-block w-100 skip-lazy\" alt=\"Espectacular villa  de estilo contempor\u00e1neo totalmente nueva con acabados excepcionales y vistas panor\u00e1micas\">\n\t\t\t\t\t\t\t\t\t\t<\/a>\n\t\t\t\t\t\t\t\t\t<\/div>\n\t\t\t\t\t\t\t\t\t\t\t\t\t\t\t\t\t\t<div class=\"carousel-item\">\n\t\t\t\t\t\t\t\t\t\t<a href=\"villa-en-venta-en-el-paraiso-estepona-ref-151.html\" title=\"Espectacular villa  de estilo contempor\u00e1neo totalmente nueva con acabados excepcionales y vistas panor\u00e1micas\">\n\t\t\t\t\t\t\t\t\t\t\t<img decoding=\"async\" src=\"https:\/\/media.inmobalia.com\/imgV1\/B98Le8~d7M9k3DegpEFZhS0lI_F8U4XZVz~HWxt~mGgYekxX9nCAxh0ZipZlAjNxEM6s1ur~IyRusIw0GtmwP9f_NkgDghY64XwqnehE3rcjQpsuqn2cWCuH0euqMYVB1gjCPzHVumuQC~8iQ4eW.jpg\" class=\"d-block w-100 skip-lazy\" alt=\"Espectacular villa  de estilo contempor\u00e1neo totalmente nueva con acabados excepcionales y vistas panor\u00e1micas\">\n\t\t\t\t\t\t\t\t\t\t<\/a>\n\t\t\t\t\t\t\t\t\t<\/div>\n\t\t\t\t\t\t\t\t\t\t\t\t\t\t\t\t\t\t\t\t\t\t\t\t\t\t\t<div class=\"carousel-item\">\n\t\t\t\t\t\t\t\t\t\t<a href=\"villa-en-venta-en-el-paraiso-estepona-ref-151.html\" title=\"Espectacular villa  de estilo contempor\u00e1neo totalmente nueva con acabados excepcionales y vistas panor\u00e1micas\">\n\t\t\t\t\t\t\t\t\t\t\t<img decoding=\"async\" src=\"https:\/\/media.inmobalia.com\/imgV1\/B98Le8~d7M9k3DegpEFZhS0lI_F8U4XZVz~HWxt~mGgYekxX9nCAxh0ZipZlAjNxEM6s1ur~IyRusIw0GtmwP9f_NkgDghY5RTvWJ5wOYY~fofzZ0wytZ8EXmgpYWGs6WdW6B2Bmi6oEH3lXcufR.jpg\" class=\"d-block w-100 skip-lazy\" alt=\"Espectacular villa  de estilo contempor\u00e1neo totalmente nueva con acabados excepcionales y vistas panor\u00e1micas\">\n\t\t\t\t\t\t\t\t\t\t<\/a>\n\t\t\t\t\t\t\t\t\t<\/div>\n\t\t\t\t\t\t\t\t\t\t\t\t\t\t\t\t\t<\/div>\n\t\t\t\t\t\t\t\t<button class=\"carousel-control-prev\" type=\"button\" data-bs-target=\"#relatedCarousel10\" data-bs-slide=\"prev\">\n\t\t\t\t\t\t\t\t\t<span class=\"visually-hidden\">Anterior<\/span>\n\t\t\t\t\t\t\t\t<\/button>\n\t\t\t\t\t\t\t\t<button class=\"carousel-control-next\" type=\"button\" data-bs-target=\"#relatedCarousel10\" data-bs-slide=\"next\">\n\t\t\t\t\t\t\t\t\t<span class=\"visually-hidden\">Siguiente<\/span>\n\t\t\t\t\t\t\t\t<\/button>\n\t\t\t\t\t\t\t<\/div>\n\t\t\t\t\t\t\t<div class=\"properties-carousel-item-inner p-4 pb-3 pt-3\">\n\t\t\t\t\t\t\t\t<h3 class=\"properties-carousel-title\">Espectacular villa  de estilo contempor\u00e1neo totalmente nueva con acabados excepcionales y vistas panor\u00e1micas<\/h3>\n\t\t\t\t\t\t\t<\/div>\n\t\t\t\t\t\t<\/div>\n\t\t\t\t\t\t<div class=\"properties-carousel-item-inner p-4 pt-0  align-self-end\">\n\t\t\t\t\t\t\t<div class=\"row align-items-end\">\n\t\t\t\t\t\t\t\t<div class=\"col-12 properties-carousel-feature pb-4\">\n\t\t\t\t\t\t\t\t\t<strong>6<\/strong> Dorm.  |  \n\t\t\t\t\t\t\t\t\t<strong>6<\/strong> Ba\u00f1os  |  \n\t\t\t\t\t\t\t\t\t<strong>557 m<sup>2<\/sup><\/strong> Construido  |  \n\t\t\t\t\t\t\t\t\t<strong>255 m<sup>2<\/sup><\/strong> Terraza\n\t\t\t\t\t\t\t\t\t  |  <strong>1.035 m<sup>2<\/sup><\/strong> Parcela\t\t\t\t\t\t\t\t<\/div>\n\t\t\t\t\t\t\t\t<div class=\"col-lg-auto me-auto properties-carousel-price align-self-center pb-4 pb-lg-0\">\n\t\t\t\t\t\t\t\t\tRef: 151  |  \n\t\t\t\t\t\t\t\t\t<strong>\n\t\t\t\t\t\t\t\t\t\t\t\t\t\t\t\t\t\t\t\t\t\t\t\t\t\t\t\t\t\t\t\t4.495.000 \u20ac\n\t\t\t\t\t\t\t\t\t\t\t\t\t\t\t\t\t\t\t<\/strong>\n\t\t\t\t\t\t\t\t<\/div>\n\t\t\t\t\t\t\t\t<div class=\"col-auto property-item-favourite align-self-center pe-1 ms-auto ms-md-0 pt-3\">\n\t\t\t\t\t\t\t\t\t<div>\n\t\t\t\t\t\t\t\t\t\t\t\t\t\t\t\t\t\t\t\t\t<input type=\"checkbox\" id=\"property_151\" value=\"151\">\n\t\t\t\t\t\t\t\t\t\t\t<label for=\"property_151\" id=\"property_151\" data-action=\"add\" class=\"portfoliobutton\"><\/label>\n\t\t\t\t\t\t\t\t\t\t\t\t\t\t\t\t\t\t\t<\/div>\n\t\t\t\t\t\t\t\t<\/div>\n\t\t\t\t\t\t\t\t<div class=\"col-auto property-item-button ps-1 me-auto me-md-0 pt-3\">\n\t\t\t\t\t\t\t\t\t<a class=\"btn btn-listing\" href=\"villa-en-venta-en-el-paraiso-estepona-ref-151.html\" title=\"Espectacular villa  de estilo contempor\u00e1neo totalmente nueva con acabados excepcionales y vistas panor\u00e1micas\">Descubra<\/a>\n\t\t\t\t\t\t\t\t<\/div>\n\t\t\t\t\t\t\t<\/div>\n\t\t\t\t\t\t<\/div>\n\t\t\t\t\t<\/div>\n\t\t\t\t<\/div>\n\t\t\n\t\t\t\t\t\t\t\t\t\t\n\t\t\n\t\t\t\t<div class=\"col-lg-6 properties-carousel-item d-flex flex-wrap\">\n\t\t\t\t\t<div class=\"property-item d-flex flex-wrap\">\n\t\t\t\t\t\t<div class=\"property-item-gallery align-self-start w-100\">\n\t\t\t\t\t\t\t<div id=\"relatedCarousel11\" class=\"carousel slide\" data-bs-touch=\"false\" data-bs-interval=\"false\"> <!-- el id de la galeria deber ser dinamico durante el loop -->\n\t\t\t\t\t\t\t\t<div class=\"carousel-inner\">\n\t\t\t\t\t\t\t\t\t<div class=\"carousel-item active\">\n\t\t\t\t\t\t\t\t\t\t<a href=\"apartamento-en-venta-en-benahavis-ref-2266-2.html\" title=\"NUEVOS APARTAMENTOS EN LA ZONA RESIDENCIAL SE\u00d1OR\u00cdO DE CIFUENTES - UNA JOYA ESCONDIDA CON VISTAS PANOR\u00c1MICAS\">\n\t\t\t\t\t\t\t\t\t\t\t<img decoding=\"async\" src=\"https:\/\/media.inmobalia.com\/imgV1\/B98Le8~d7M9k3DegpEFZhS0lI_F8U4XZVz~HWxt~mGgYekxX9nCAxh0ZipZlAjNxEM6s1ur~IyRusIw0GtmwP9f_NkgCesty1l5j0PtLX7U8aWR9tfcoejstKd2Z_dQRm7nT8yq8QLHO4Uvjch09.jpg\" class=\"d-block w-100 skip-lazy\" alt=\"NUEVOS APARTAMENTOS EN LA ZONA RESIDENCIAL SE\u00d1OR\u00cdO DE CIFUENTES - UNA JOYA ESCONDIDA CON VISTAS PANOR\u00c1MICAS\">\n\t\t\t\t\t\t\t\t\t\t<\/a>\n\t\t\t\t\t\t\t\t\t<\/div>\n\t\t\t\t\t\t\t\t\t\t\t\t\t\t\t\t\t\t\t\t\t\t\t\t\t\t<\/div>\n\t\t\t\t\t\t\t\t<button class=\"carousel-control-prev\" type=\"button\" data-bs-target=\"#relatedCarousel11\" data-bs-slide=\"prev\">\n\t\t\t\t\t\t\t\t\t<span class=\"visually-hidden\">Anterior<\/span>\n\t\t\t\t\t\t\t\t<\/button>\n\t\t\t\t\t\t\t\t<button class=\"carousel-control-next\" type=\"button\" data-bs-target=\"#relatedCarousel11\" data-bs-slide=\"next\">\n\t\t\t\t\t\t\t\t\t<span class=\"visually-hidden\">Siguiente<\/span>\n\t\t\t\t\t\t\t\t<\/button>\n\t\t\t\t\t\t\t<\/div>\n\t\t\t\t\t\t\t<div class=\"properties-carousel-item-inner p-4 pb-3 pt-3\">\n\t\t\t\t\t\t\t\t<h3 class=\"properties-carousel-title\">NUEVOS APARTAMENTOS EN LA ZONA RESIDENCIAL SE\u00d1OR\u00cdO DE CIFUENTES - UNA JOYA ESCONDIDA CON VISTAS PANOR\u00c1MICAS<\/h3>\n\t\t\t\t\t\t\t<\/div>\n\t\t\t\t\t\t<\/div>\n\t\t\t\t\t\t<div class=\"properties-carousel-item-inner p-4 pt-0  align-self-end\">\n\t\t\t\t\t\t\t<div class=\"row align-items-end\">\n\t\t\t\t\t\t\t\t<div class=\"col-12 properties-carousel-feature pb-4\">\n\t\t\t\t\t\t\t\t\t<strong>2<\/strong> Dorm.  |  \n\t\t\t\t\t\t\t\t\t<strong>2<\/strong> Ba\u00f1os  |  \n\t\t\t\t\t\t\t\t\t<strong>148 m<sup>2<\/sup><\/strong> Construido  |  \n\t\t\t\t\t\t\t\t\t<strong>45 m<sup>2<\/sup><\/strong> Terraza\n\t\t\t\t\t\t\t\t\t\t\t\t\t\t\t\t\t<\/div>\n\t\t\t\t\t\t\t\t<div class=\"col-lg-auto me-auto properties-carousel-price align-self-center pb-4 pb-lg-0\">\n\t\t\t\t\t\t\t\t\tRef: 2266-2  |  \n\t\t\t\t\t\t\t\t\t<strong>\n\t\t\t\t\t\t\t\t\t\t\t\t\t\t\t\t\t\t\t\t\tdesde \t\t\t\t\t\t\t\t\t\t\t499.000 \u20ac\n\t\t\t\t\t\t\t\t\t\t\t\t\t\t\t\t\t\t\t<\/strong>\n\t\t\t\t\t\t\t\t<\/div>\n\t\t\t\t\t\t\t\t<div class=\"col-auto property-item-favourite align-self-center pe-1 ms-auto ms-md-0 pt-3\">\n\t\t\t\t\t\t\t\t\t<div>\n\t\t\t\t\t\t\t\t\t\t\t\t\t\t\t\t\t\t\t\t\t<input type=\"checkbox\" id=\"property_2266-2\" value=\"2266-2\">\n\t\t\t\t\t\t\t\t\t\t\t<label for=\"property_2266-2\" id=\"property_2266-2\" data-action=\"add\" class=\"portfoliobutton\"><\/label>\n\t\t\t\t\t\t\t\t\t\t\t\t\t\t\t\t\t\t\t<\/div>\n\t\t\t\t\t\t\t\t<\/div>\n\t\t\t\t\t\t\t\t<div class=\"col-auto property-item-button ps-1 me-auto me-md-0 pt-3\">\n\t\t\t\t\t\t\t\t\t<a class=\"btn btn-listing\" href=\"apartamento-en-venta-en-benahavis-ref-2266-2.html\" title=\"NUEVOS APARTAMENTOS EN LA ZONA RESIDENCIAL SE\u00d1OR\u00cdO DE CIFUENTES - UNA JOYA ESCONDIDA CON VISTAS PANOR\u00c1MICAS\">Descubra<\/a>\n\t\t\t\t\t\t\t\t<\/div>\n\t\t\t\t\t\t\t<\/div>\n\t\t\t\t\t\t<\/div>\n\t\t\t\t\t<\/div>\n\t\t\t\t<\/div>\n\t\t\n\t\t\t\t<\/div>\n\t<\/div>\n\n\n\n\t\t\t\t\t\t<div class=\"text-center pt-3 d-none d-md-block\">\n\t\t\t\t<a class=\"btn btn-secondary btn-medium\" href=\"\/search.php?page=2\">Show more properties<\/a>\n\t\t\t<\/div>\n\t\t<\/div>\n\t<\/div>\n<\/div>\n<\/div>\n<\/div><\/section>\n<\/div><\/section>\n\n\n\n<section class=\"wp-block-uagb-section uagb-section__wrap uagb-section__background-undefined uagb-block-9022673f\"><div class=\"uagb-section__overlay\"><\/div><div class=\"uagb-section__inner-wrap\">\n<section class=\"wp-block-uagb-columns uagb-columns__wrap uagb-columns__background-none uagb-columns__stack-mobile uagb-columns__valign-bottom uagb-columns__gap-0 align uagb-block-3ee160cb uagb-columns__columns-2 uagb-columns__max_width-theme\"><div class=\"uagb-columns__overlay\"><\/div><div class=\"uagb-columns__inner-wrap uagb-columns__columns-2\">\n<div class=\"wp-block-uagb-column uagb-column__wrap uagb-column__background-undefined uagb-block-2951e66f\"><div class=\"uagb-column__overlay\"><\/div>\n<p class=\"mb-0 mb-lg-3\" style=\"font-size:16px;text-transform:uppercase\">ENCUENTRE SU CASA DE ENSUE\u00d1O<\/p>\n\n\n\n<h3 class=\"wp-block-heading mb-0\">Localidades \u00fanicas<\/h3>\n\n\n\n<div style=\"height:40px\" aria-hidden=\"true\" class=\"wp-block-spacer\"><\/div>\n\n\n\n<p><strong>PRO<\/strong>&nbsp;se centra en lo que llamamos el Valle de Marbella:&nbsp; una franja de 20 kil\u00f3metros que se extiende desde la<strong>&nbsp;Milla de Oro<\/strong>&nbsp;en&nbsp;<strong>Marbella<\/strong>&nbsp;hasta la&nbsp;<strong>Nueva Milla de Oro<\/strong>&nbsp;al este de&nbsp;<strong>Estepona<\/strong>, y que comprende zonas de interior entre&nbsp; la monta\u00f1a&nbsp; de La Concha y las fincas de clubes de campo de Benahavis. Sobre todo, en&nbsp;<strong>PRO Real Estate<\/strong>&nbsp;estamos especializados&nbsp; en la zona que se extiende&nbsp; entre&nbsp;&nbsp;<strong>Guadalmina<\/strong>&nbsp;y&nbsp;<strong>El Para\u00edso<\/strong>, donde ofrecemos villas, apartamentos y \u00e1ticos a la venta y en alquiler, as\u00ed como parcelas individuales, locales comerciales y terrenos para urbanizar. Pero por encima de todo, en&nbsp;<strong>PRO Real Estate<\/strong>&nbsp;ponemos nuestro conocimiento y experiencia a su disposici\u00f3n.<\/p>\n<\/div>\n\n\n\n<div class=\"wp-block-uagb-column uagb-column__wrap uagb-column__background-undefined uagb-block-c5fa0c26 uag-hide-mob uag-hide-mob\"><div class=\"uagb-column__overlay\"><\/div>\n<div class=\"wp-block-uagb-image alignright uagb-block-d587a3f7 wp-block-uagb-image--layout-default wp-block-uagb-image--effect-static wp-block-uagb-image--align-right\"><figure class=\"wp-block-uagb-image__figure\"><img decoding=\"async\" srcset=\"https:\/\/www.prorealestate.es\/wp-content\/uploads\/2023\/05\/38-years.png \" sizes=\"auto, (max-width: 480px) 150px\" src=\"https:\/\/www.prorealestate.es\/wp-content\/uploads\/2023\/05\/38-years.png\" alt=\"38 years\/a\u00f1os\" class=\"uag-image-730\" width=\"202\" height=\"211\" title=\"\" loading=\"lazy\" role=\"img\"\/><\/figure><\/div>\n<\/div>\n<\/div><\/section>\n\n\n\n<section class=\"wp-block-uagb-columns uagb-columns__wrap uagb-columns__background-none uagb-columns__stack-mobile uagb-columns__valign- uagb-columns__gap-0 align uagb-block-0c0c7957 uagb-columns__columns-1 uagb-columns__max_width-theme\"><div class=\"uagb-columns__overlay\"><\/div><div class=\"uagb-columns__inner-wrap uagb-columns__columns-1\">\n<div class=\"wp-block-uagb-column uagb-column__wrap uagb-column__background-undefined uagb-block-0e991531\"><div class=\"uagb-column__overlay\"><\/div><div class=\"locations-carousel\">\n\t<a class=\"location-item\" href=\"\/es\/propiedades-primera-linea-playa.html\" title=\"Propiedades primera l\u00ednea de playa\">\n\t\t<div class=\"carousel-item\">\n\t\t\t<img decoding=\"async\" src=\"\/wp-content\/themes\/prorealestate\/images\/beachside.jpg\" class=\"d-block w-100 skip-lazy\" alt=\"Propiedades primera l\u00ednea de playa\">\n\t\t<\/div>\n\t\t<div class=\"locations-content\">\n\t\t\t<h2>Propiedades<br>primera l\u00ednea de playa<\/h2>\n\t\t\t<p>39 propiedades en venta<\/p>\n\t\t<\/div>\n\t<\/a>\n<a class=\"location-item\" href=\"\/es\/propiedades-vistas-mar.html\" title=\"Propiedades con vistas al mar\">\n\t<div class=\"carousel-item\">\n\t\t<img decoding=\"async\" src=\"\/wp-content\/themes\/prorealestate\/images\/seaviews.jpg\" class=\"d-block w-100 skip-lazy\" alt=\"Propiedades con vistas al mar\">\n\t<\/div>\n\t<div class=\"locations-content\">\n\t\t<h2>Propiedades<br>con vistas al mar<\/h2>\n\t\t<p>78 propiedades en venta<\/p>\n\t<\/div>\n<\/a>\n<a class=\"location-item\" href=\"\/es\/propiedades-nueva-construccion.html\" title=\"Propiedades de nueva construcci\u00f3n\">\n\t<div class=\"carousel-item\">\n\t\t<img decoding=\"async\" src=\"\/wp-content\/themes\/prorealestate\/images\/brandnew.jpg\" class=\"d-block w-100 skip-lazy\" alt=\"Propiedades de nueva construcci\u00f3n\">\n\t<\/div>\n\t<div class=\"locations-content\">\n\t\t<h2>Propiedades Nuevas \/ <br>bajo constr. \/ En plano<\/h2>\n\t\t<p>82 propiedades en venta<\/p>\n\t<\/div>\n<\/a>\n<a class=\"location-item\" href=\"\/es\/propiedades-cerca-golf.html\" title=\"Propiedades cerca de Golf\">\n\t<div class=\"carousel-item\">\n\t\t<img decoding=\"async\" src=\"\/wp-content\/themes\/prorealestate\/images\/golf.jpg\" class=\"d-block w-100 skip-lazy\" alt=\"Propiedades cerca de Golf\">\n\t<\/div>\n\t<div class=\"locations-content\">\n\t\t<h2>Propiedades <br>cerca de Golf<\/h2>\n\t\t<p>163 propiedades en venta<\/p>\n\t<\/div>\n<\/a>\n<a class=\"location-item\" href=\"\/es\/propiedades-diseno-contemporaneas.html\" title=\"Propiedades con dise\u00f1o contempor\u00e1neo\">\n\t<div class=\"carousel-item\">\n\t\t<img decoding=\"async\" src=\"\/wp-content\/themes\/prorealestate\/images\/modern.jpg\" class=\"d-block w-100 skip-lazy\" alt=\"Propiedades con dise\u00f1o contempor\u00e1neo\">\n\t<\/div>\n\t<div class=\"locations-content\">\n\t\t<h2>Propiedades <br>con dise\u00f1o contempor\u00e1neo<\/h2>\n\t\t<p>45 propiedades en venta<\/p>\n\t<\/div>\n<\/a>\n<a class=\"location-item\" href=\"\/es\/propiedades-exclusivas.html\" title=\"Propiedades exclusivas\">\n\t<div class=\"carousel-item\">\n\t\t<img decoding=\"async\" src=\"\/wp-content\/themes\/prorealestate\/images\/exclusive.jpg\" class=\"d-block w-100 skip-lazy\" alt=\"Propiedades exclusivas\">\n\t<\/div>\n\t<div class=\"locations-content\">\n\t\t<h2>Propiedades Exclusivas<\/h2>\n\t\t<p>14 propiedades en venta<\/p>\n\t<\/div>\n<\/a>\n<a class=\"location-item\" href=\"\/es\/propiedades-vendidas.html\" title=\"Propiedades vendidas\">\n\t<div class=\"carousel-item\">\n\t\t<img decoding=\"async\" src=\"\/wp-content\/themes\/prorealestate\/images\/sold.jpg\" class=\"d-block w-100 skip-lazy\" alt=\"\u00daltimas propiedades vendidas por PRO\">\n\t<\/div>\n\t<div class=\"locations-content\">\n\t\t<h2>\u00daltimas propiedades vendidas por PRO<\/h2>\n\t\t<p>67 propiedades vendidas<\/p>\n\t<\/div>\n<\/a>\n<a class=\"location-item\" href=\"\/es\/propiedades-en-alquiler.html\" title=\"Propiedades en alquiler\">\n\t<div class=\"carousel-item\">\n\t\t<img decoding=\"async\" src=\"\/wp-content\/themes\/prorealestate\/images\/rent.jpg\" class=\"d-block w-100 skip-lazy\" alt=\"Propiedades en alquiler\">\n\t<\/div>\n\t<div class=\"locations-content\">\n\t\t<h2>Propiedades en alquiler<\/h2>\n\t\t<p>12 propiedades en alquiler<\/p>\n\t<\/div>\n<\/a>\n<\/div>\n<\/div>\n<\/div><\/section>\n<\/div><\/section>\n\n\n\n<section class=\"wp-block-uagb-section uagb-section__wrap uagb-section__background-undefined uagb-block-bb558e69\"><div class=\"uagb-section__overlay\"><\/div><div class=\"uagb-section__inner-wrap\"><p><iframe src=\"https:\/\/www.google.com\/maps\/embed?pb=!1m14!1m8!1m3!1d12833.271645968925!2d-5.0035605!3d36.4740369!3m2!1i1024!2i768!4f13.1!3m3!1m2!1s0xd732a45c3d4cdb3%3A0x344ca4ac3373143f!2sPRO%20Real%20Estate%20Guadalmina!5e0!3m2!1ses!2ses!4v1701334309153!5m2!1ses!2ses\" width=\"100%\" height=\"600\" style=\"border:0;\" allowfullscreen=\"\" loading=\"lazy\" referrerpolicy=\"no-referrer-when-downgrade\"><\/iframe><\/p>\n\n\n\n<section class=\"wp-block-uagb-columns uagb-columns__wrap uagb-columns__background-none uagb-columns__stack-mobile uagb-columns__valign- uagb-columns__gap-0 align uagb-block-80abe226 uagb-columns__columns-2 uagb-columns__max_width-theme\"><div class=\"uagb-columns__overlay\"><\/div><div class=\"uagb-columns__inner-wrap uagb-columns__columns-2\">\n<div class=\"wp-block-uagb-column uagb-column__wrap uagb-column__background-undefined uagb-block-3e5f2abf\"><div class=\"uagb-column__overlay\"><\/div><\/div>\n\n\n\n<div class=\"wp-block-uagb-column uagb-column__wrap uagb-column__background-undefined uagb-block-6dfa673f\"><div class=\"uagb-column__overlay\"><\/div>\n<section class=\"wp-block-uagb-section uagb-section__wrap uagb-section__background-color uagb-block-036296a6\"><div class=\"uagb-section__overlay\"><\/div><div class=\"uagb-section__inner-wrap\">\n<p><strong>PRO Real Estate<\/strong><br>Centro Comercial Guadalmina III, Local 6<br>29670 San Pedro Alc\u00e1ntara &#8211; Marbella<\/p>\n\n\n\n<div class=\"wp-block-group is-content-justification-space-between is-nowrap is-layout-flex wp-container-core-group-is-layout-0dfbf163 wp-block-group-is-layout-flex\">\n<p>P | +34 952 88 40 23<\/p>\n\n\n\n<a class=\"btn btn-listing transform-none\" href=\"https:\/\/goo.gl\/maps\/DiyEMx2T5EUrFbtt5\" target=\"_blank\" rel=\"noopener\">C\u00f3mo llegar<\/a>\n<\/div>\n<\/div><\/section>\n<\/div>\n<\/div><\/section>\n<\/div><\/section>\n\n\n\n<section class=\"wp-block-uagb-section uagb-section__wrap uagb-section__background-image uagb-block-f0ce2d00 bg-mobile-none\"><div class=\"uagb-section__overlay\"><\/div><div class=\"uagb-section__inner-wrap\">\n<section class=\"wp-block-uagb-columns uagb-columns__wrap uagb-columns__background-none uagb-columns__stack-mobile uagb-columns__valign- uagb-columns__gap-0 align uagb-block-b5096b72 uagb-columns__columns-1 uagb-columns__max_width-theme\"><div class=\"uagb-columns__overlay\"><\/div><div class=\"uagb-columns__inner-wrap uagb-columns__columns-1\">\n<div class=\"wp-block-uagb-column uagb-column__wrap uagb-column__background-undefined uagb-block-de01d727\"><div class=\"uagb-column__overlay\"><\/div>\n<h3 class=\"wp-block-heading has-text-align-center\">Por qu\u00e9 te encantar\u00e1 Guadalmina<\/h3>\n<\/div>\n<\/div><\/section>\n\n\n\n<section class=\"wp-block-uagb-columns uagb-columns__wrap uagb-columns__background-none uagb-columns__stack-mobile uagb-columns__valign- uagb-columns__gap-0 align uagb-block-dc5d0779 uagb-columns__columns-1 uagb-columns__max_width-theme\"><div class=\"uagb-columns__overlay\"><\/div><div class=\"uagb-columns__inner-wrap uagb-columns__columns-1\">\n<div class=\"wp-block-uagb-column uagb-column__wrap uagb-column__background-undefined uagb-block-cb5b6964\"><div class=\"uagb-column__overlay\"><\/div>\n<section class=\"icons-slides\">\n    <div class=\"icons-slides-carousel\">\n        <div class=\"icons-slides-carousel-item d-flex flex-column flex-lg-row\">\n            <div class=\"text-center\">\n                <div class=\"icons-slides-image\">\n                    <img decoding=\"async\" class=\"m-auto\" src=\"\/wp-content\/themes\/prorealestate\/img\/icon-golf.svg\" height=\"56\">\n                <\/div>\n                <h2 class=\"icons-slides-title\">Golf<\/h2>\n                <div class=\"icons-slides-text\">\n                    <p>Algunos de los campos de golf m\u00e1s exclusivos de la Costa del Sol con dos de 18 hoyos y uno de 9 hoyos<\/p>\n                <\/div>\n            <\/div>\n        <\/div>\n        <div class=\"icons-slides-carousel-item d-flex flex-column flex-lg-row\">\n            <div class=\"text-center\">\n                <div class=\"icons-slides-image\">\n                    <img decoding=\"async\" class=\"m-auto\" src=\"\/wp-content\/themes\/prorealestate\/img\/icon-sun.svg\" height=\"56\">\n                <\/div>\n                <h2 class=\"icons-slides-title\">Sol y arena<\/h2>\n                <div class=\"icons-slides-text\">\n                    <p>A poca distancia de buenas playas y clima soleado garantizado<\/p>\n                <\/div>\n            <\/div>\n        <\/div>\n        <div class=\"icons-slides-carousel-item d-flex flex-column flex-lg-row\">\n            <div class=\"text-center\">\n                <div class=\"icons-slides-image\">\n                    <img decoding=\"async\" class=\"m-auto\" src=\"\/wp-content\/themes\/prorealestate\/img\/icon-shop.svg\" height=\"56\">\n                <\/div>\n                <h2 class=\"icons-slides-title\">Compras y ocio<\/h2>\n                <div class=\"icons-slides-text\">\n                    <p>Todos los servicios est\u00e1n cubiertos: tiendas de moda, gran oferta gastron\u00f3mica y gente simp\u00e1tica<\/p>\n                <\/div>\n            <\/div>\n        <\/div>\n        <div class=\"icons-slides-carousel-item d-flex flex-column flex-lg-row\">\n            <div class=\"text-center\">\n                <div class=\"icons-slides-image\">\n                    <img decoding=\"async\" class=\"m-auto\" src=\"\/wp-content\/themes\/prorealestate\/img\/icon-family.svg\" height=\"56\">\n                <\/div>\n                <h2 class=\"icons-slides-title\">La familia primero<\/h2>\n                <div class=\"icons-slides-text\">\n                    <p>Vida segura y tranquila&#8230; todo lo que desea para los suyos, con las mejores escuelas internacionales a solo unos minutos en coche<\/p>\n                <\/div>\n            <\/div>\n        <\/div>\n    <\/div>\n<\/section>\n<\/div>\n<\/div><\/section>\n<\/div><\/section>\n","protected":false},"excerpt":{"rendered":"","protected":false},"author":3,"featured_media":0,"parent":0,"menu_order":0,"comment_status":"closed","ping_status":"closed","template":"template-home.php","meta":{"_uag_custom_page_level_css":"","_monsterinsights_skip_tracking":false,"_monsterinsights_sitenote_active":false,"_monsterinsights_sitenote_note":"","_monsterinsights_sitenote_category":0,"_uf_show_specific_survey":0,"_uf_disable_surveys":false,"footnotes":""},"class_list":["post-513","page","type-page","status-publish","hentry"],"aioseo_notices":[],"uagb_featured_image_src":{"full":false,"thumbnail":false,"medium":false,"medium_large":false,"large":false,"1536x1536":false,"2048x2048":false,"big-size":false},"uagb_author_info":{"display_name":"Imagen Consulting","author_link":"https:\/\/www.prorealestate.es\/es\/author\/pr0r34ladm1c\/"},"uagb_comment_info":0,"uagb_excerpt":null,"_links":{"self":[{"href":"https:\/\/www.prorealestate.es\/es\/wp-json\/wp\/v2\/pages\/513","targetHints":{"allow":["GET"]}}],"collection":[{"href":"https:\/\/www.prorealestate.es\/es\/wp-json\/wp\/v2\/pages"}],"about":[{"href":"https:\/\/www.prorealestate.es\/es\/wp-json\/wp\/v2\/types\/page"}],"author":[{"embeddable":true,"href":"https:\/\/www.prorealestate.es\/es\/wp-json\/wp\/v2\/users\/3"}],"replies":[{"embeddable":true,"href":"https:\/\/www.prorealestate.es\/es\/wp-json\/wp\/v2\/comments?post=513"}],"version-history":[{"count":27,"href":"https:\/\/www.prorealestate.es\/es\/wp-json\/wp\/v2\/pages\/513\/revisions"}],"predecessor-version":[{"id":1247,"href":"https:\/\/www.prorealestate.es\/es\/wp-json\/wp\/v2\/pages\/513\/revisions\/1247"}],"wp:attachment":[{"href":"https:\/\/www.prorealestate.es\/es\/wp-json\/wp\/v2\/media?parent=513"}],"curies":[{"name":"wp","href":"https:\/\/api.w.org\/{rel}","templated":true}]}}